{"id":7196,"date":"2025-05-28T17:03:43","date_gmt":"2025-05-28T17:03:43","guid":{"rendered":"https:\/\/myautoprestige.fr\/?page_id=7196"},"modified":"2025-05-28T17:16:20","modified_gmt":"2025-05-28T17:16:20","slug":"evenements-agricoles-a-venir","status":"publish","type":"page","link":"https:\/\/myautoprestige.fr\/index.php\/evenements-agricoles-a-venir\/","title":{"rendered":"evenements agricoles \u00e0 venir"},"content":{"rendered":"<section class=\"s_text_block pb0 o_colored_level pt8\" data-snippet=\"s_text_block\" data-name=\"Texte\">\n<div class=\"container s_allow_columns\">\n<h3><span class=\"h2-fs\"><span class=\"text-o-color-1\"><strong>Un salon du machinisme \u00e0 Paris en f\u00e9vrier<\/strong><\/span><\/span><\/h3>\n<\/div>\n<\/section>\n<section class=\"s_text_block o_colored_level pb0 o_cc o_cc3 pt24\" data-snippet=\"s_text_block\" data-name=\"Texte\">\n<div class=\"s_allow_columns container\">\n<h5>Cette initiative vise \u00e0 mettre en lumi\u00e8re l&rsquo;importance du secteur agricole et \u00e0 promouvoir ses atouts \u00e0 travers deux salons distincts : le SIA aux portes de Versailles, et le SIA\u2019PRO, pour le machinisme, se tiendra au Parc des Expositions de Paris Le Bourget du 23 au 25 f\u00e9vrier 2025. Selon les organisateurs, Comexposium et CENECA (Centre National des Expositions et Concours Agricoles), ces deux salons seront compl\u00e9mentaires et en totale synergie lors de la grande semaine de l\u2019agriculture \u00e0 Paris.<\/h5>\n<h3><span class=\"text-o-color-1\"><span class=\"h2-fs\"><strong>Offre compl\u00e8te du machinisme<\/strong><\/span><\/span><\/h3>\n<h5>Ce nouveau salon fran\u00e7ais en int\u00e9rieur SIA\u2019PRO comprendra une offre compl\u00e8te allant du machinisme, aux \u00e9quipements, composants, services, nouvelles technologies et \u00e9nergies permettant de r\u00e9pondre aux besoins de l\u2019ensemble des exploitants agricoles et autres professionnels du monde agricole.<\/h5>\n<h5>Se voulant au c\u0153ur des transitions agricoles, SIA\u2019PRO proposera des espaces d\u00e9di\u00e9s \u00e0 la robotique, l\u2019utilisation &amp; gestion des donn\u00e9es, un p\u00f4le start up et sera aussi un lieu d\u2019\u00e9changes au service de l\u2019agriculteur pour l\u2019aider face aux d\u00e9fis tels que l\u2019emploi, la formation, la transmission, l\u2019installation, la transition agro\u00e9cologique\u2026<\/h5>\n<h3><span class=\"h2-fs\"><strong><span class=\"text-o-color-1\">R\u00e9compenser les meilleures \u00e9volutions technologiques<\/span><\/strong><\/span><\/h3>\n<h5>Catalyseur d\u2019innovation, le salon organisera le concours \u2018\u2019SIA\u2019PRO AWARDS\u2019\u2019 qui r\u00e9compensera les meilleures \u00e9volutions technologiques au service de l\u2019agriculteur et contribuant \u00e0 am\u00e9liorer l&rsquo;efficacit\u00e9, la durabilit\u00e9 et la rentabilit\u00e9 des exploitations agricoles.\u00a0le reste.<\/h5>\n<p><img loading=\"lazy\" decoding=\"async\" class=\"aligncenter size-full wp-image-7197\" src=\"https:\/\/myautoprestige.fr\/wp-content\/uploads\/2025\/05\/salon.webp\" alt=\"\" width=\"1000\" height=\"561\" srcset=\"https:\/\/myautoprestige.fr\/wp-content\/uploads\/2025\/05\/salon.webp 1000w, https:\/\/myautoprestige.fr\/wp-content\/uploads\/2025\/05\/salon-400x224.webp 400w, https:\/\/myautoprestige.fr\/wp-content\/uploads\/2025\/05\/salon-768x431.webp 768w, https:\/\/myautoprestige.fr\/wp-content\/uploads\/2025\/05\/salon-860x482.webp 860w, https:\/\/myautoprestige.fr\/wp-content\/uploads\/2025\/05\/salon-430x241.webp 430w, https:\/\/myautoprestige.fr\/wp-content\/uploads\/2025\/05\/salon-700x393.webp 700w, https:\/\/myautoprestige.fr\/wp-content\/uploads\/2025\/05\/salon-150x84.webp 150w\" sizes=\"auto, (max-width: 1000px) 100vw, 1000px\" \/><\/p>\n<h5>Le retour d\u2019un salon du machinisme agricole \u00e0 Paris en int\u00e9rieur, au parc des expositions de Paris, Le Bourget, en 2025, durant la m\u00eame semaine que le SIA, sous le nom de SIA\u2019PRO.<\/h5>\n<h3 style=\"text-align: center;\">Formulaire de participation<\/h3>\n\n<div class=\"wpcf7 no-js\" id=\"wpcf7-f7200-o1\" lang=\"fr-FR\" dir=\"ltr\" data-wpcf7-id=\"7200\">\n<div class=\"screen-reader-response\"><p role=\"status\" aria-live=\"polite\" aria-atomic=\"true\"><\/p> <ul><\/ul><\/div>\n<form action=\"\/index.php\/wp-json\/wp\/v2\/pages\/7196#wpcf7-f7200-o1\" method=\"post\" class=\"wpcf7-form init\" aria-label=\"Formulaire de contact\" novalidate=\"novalidate\" data-status=\"init\">\n<div style=\"display: none;\">\n<input type=\"hidden\" name=\"_wpcf7\" value=\"7200\" \/>\n<input type=\"hidden\" name=\"_wpcf7_version\" value=\"6.0.6\" \/>\n<input type=\"hidden\" name=\"_wpcf7_locale\" value=\"fr_FR\" \/>\n<input type=\"hidden\" name=\"_wpcf7_unit_tag\" value=\"wpcf7-f7200-o1\" \/>\n<input type=\"hidden\" name=\"_wpcf7_container_post\" value=\"0\" \/>\n<input type=\"hidden\" name=\"_wpcf7_posted_data_hash\" value=\"\" \/>\n<\/div>\n<p><label> Votre nom<br \/>\n<span class=\"wpcf7-form-control-wrap\" data-name=\"your-name\"><input size=\"40\" maxlength=\"400\" class=\"wpcf7-form-control wpcf7-text wpcf7-validates-as-required\" autocomplete=\"name\" aria-required=\"true\" aria-invalid=\"false\" value=\"\" type=\"text\" name=\"your-name\" \/><\/span> <\/label>\n<\/p>\n<p><label> Votre e-mail<br \/>\n<span class=\"wpcf7-form-control-wrap\" data-name=\"your-email\"><input size=\"40\" maxlength=\"400\" class=\"wpcf7-form-control wpcf7-email wpcf7-validates-as-required wpcf7-text wpcf7-validates-as-email\" autocomplete=\"email\" aria-required=\"true\" aria-invalid=\"false\" value=\"\" type=\"email\" name=\"your-email\" \/><\/span> <\/label>\n<\/p>\n<p><label> Votre num\u00e9ro de t\u00e9l\u00e9phone<br \/>\n<span class=\"wpcf7-form-control-wrap\" data-name=\"tel\"><input size=\"40\" maxlength=\"400\" class=\"wpcf7-form-control wpcf7-tel wpcf7-validates-as-required wpcf7-text wpcf7-validates-as-tel\" autocomplete=\"email\" aria-required=\"true\" aria-invalid=\"false\" value=\"\" type=\"tel\" name=\"tel\" \/><\/span> <\/label>\n<\/p>\n<p><label> Votre soci\u00e9t\u00e9<br \/>\n<span class=\"wpcf7-form-control-wrap\" data-name=\"societe\"><input size=\"40\" maxlength=\"400\" class=\"wpcf7-form-control wpcf7-text wpcf7-validates-as-required\" autocomplete=\"name\" aria-required=\"true\" aria-invalid=\"false\" value=\"\" type=\"text\" name=\"societe\" \/><\/span> <\/label>\n<\/p>\n<p><label> Votre adresse<br \/>\n<span class=\"wpcf7-form-control-wrap\" data-name=\"adresse\"><input size=\"40\" maxlength=\"400\" class=\"wpcf7-form-control wpcf7-text wpcf7-validates-as-required\" aria-required=\"true\" aria-invalid=\"false\" value=\"\" type=\"text\" name=\"adresse\" \/><\/span> <\/label>\n<\/p>\n<p><label> Votre message<br \/>\n<span class=\"wpcf7-form-control-wrap\" data-name=\"textt\"><textarea cols=\"40\" rows=\"10\" maxlength=\"2000\" class=\"wpcf7-form-control wpcf7-textarea\" aria-invalid=\"false\" name=\"textt\"><\/textarea><\/span> <\/label>\n<\/p>\n<p><input class=\"wpcf7-form-control wpcf7-submit has-spinner\" type=\"submit\" value=\"Recevoir une invitation\" \/>\n<\/p><div class=\"wpcf7-response-output\" aria-hidden=\"true\"><\/div>\n<\/form>\n<\/div>\n\n<\/div>\n<\/section>\n","protected":false},"excerpt":{"rendered":"<p>Un salon du machinisme \u00e0 Paris en f\u00e9vrier Cette initiative vise \u00e0 mettre en lumi\u00e8re l&rsquo;importance du secteur agricole et<\/p>\n","protected":false},"author":1,"featured_media":0,"parent":0,"menu_order":0,"comment_status":"closed","ping_status":"closed","template":"","meta":{"footnotes":""},"class_list":["post-7196","page","type-page","status-publish","hentry"],"yoast_head":"<!-- This site is optimized with the Yoast SEO plugin v25.1 - https:\/\/yoast.com\/wordpress\/plugins\/seo\/ -->\n<title>evenements agricoles \u00e0 venir - Top Of The World<\/title>\n<meta name=\"robots\" content=\"index, follow, max-snippet:-1, max-image-preview:large, max-video-preview:-1\" \/>\n<link rel=\"canonical\" href=\"https:\/\/myautoprestige.fr\/index.php\/evenements-agricoles-a-venir\/\" \/>\n<meta property=\"og:locale\" content=\"fr_FR\" \/>\n<meta property=\"og:type\" content=\"article\" \/>\n<meta property=\"og:title\" content=\"evenements agricoles \u00e0 venir - Top Of The World\" \/>\n<meta property=\"og:description\" content=\"Un salon du machinisme \u00e0 Paris en f\u00e9vrier Cette initiative vise \u00e0 mettre en lumi\u00e8re l&rsquo;importance du secteur agricole et\" \/>\n<meta property=\"og:url\" content=\"https:\/\/myautoprestige.fr\/index.php\/evenements-agricoles-a-venir\/\" \/>\n<meta property=\"og:site_name\" content=\"Top Of The World\" \/>\n<meta property=\"article:modified_time\" content=\"2025-05-28T17:16:20+00:00\" \/>\n<meta property=\"og:image\" content=\"https:\/\/myautoprestige.fr\/wp-content\/uploads\/2025\/05\/salon.webp\" \/>\n\t<meta property=\"og:image:width\" content=\"1000\" \/>\n\t<meta property=\"og:image:height\" content=\"561\" \/>\n\t<meta property=\"og:image:type\" content=\"image\/webp\" \/>\n<meta name=\"twitter:card\" content=\"summary_large_image\" \/>\n<meta name=\"twitter:label1\" content=\"Dur\u00e9e de lecture estim\u00e9e\" \/>\n\t<meta name=\"twitter:data1\" content=\"2 minutes\" \/>\n<script type=\"application\/ld+json\" class=\"yoast-schema-graph\">{\"@context\":\"https:\/\/schema.org\",\"@graph\":[{\"@type\":\"WebPage\",\"@id\":\"https:\/\/myautoprestige.fr\/index.php\/evenements-agricoles-a-venir\/\",\"url\":\"https:\/\/myautoprestige.fr\/index.php\/evenements-agricoles-a-venir\/\",\"name\":\"evenements agricoles \u00e0 venir - Top Of The World\",\"isPartOf\":{\"@id\":\"https:\/\/myautoprestige.fr\/#website\"},\"primaryImageOfPage\":{\"@id\":\"https:\/\/myautoprestige.fr\/index.php\/evenements-agricoles-a-venir\/#primaryimage\"},\"image\":{\"@id\":\"https:\/\/myautoprestige.fr\/index.php\/evenements-agricoles-a-venir\/#primaryimage\"},\"thumbnailUrl\":\"https:\/\/myautoprestige.fr\/wp-content\/uploads\/2025\/05\/salon.webp\",\"datePublished\":\"2025-05-28T17:03:43+00:00\",\"dateModified\":\"2025-05-28T17:16:20+00:00\",\"breadcrumb\":{\"@id\":\"https:\/\/myautoprestige.fr\/index.php\/evenements-agricoles-a-venir\/#breadcrumb\"},\"inLanguage\":\"fr-FR\",\"potentialAction\":[{\"@type\":\"ReadAction\",\"target\":[\"https:\/\/myautoprestige.fr\/index.php\/evenements-agricoles-a-venir\/\"]}]},{\"@type\":\"ImageObject\",\"inLanguage\":\"fr-FR\",\"@id\":\"https:\/\/myautoprestige.fr\/index.php\/evenements-agricoles-a-venir\/#primaryimage\",\"url\":\"https:\/\/myautoprestige.fr\/wp-content\/uploads\/2025\/05\/salon.webp\",\"contentUrl\":\"https:\/\/myautoprestige.fr\/wp-content\/uploads\/2025\/05\/salon.webp\",\"width\":1000,\"height\":561},{\"@type\":\"BreadcrumbList\",\"@id\":\"https:\/\/myautoprestige.fr\/index.php\/evenements-agricoles-a-venir\/#breadcrumb\",\"itemListElement\":[{\"@type\":\"ListItem\",\"position\":1,\"name\":\"Accueil\",\"item\":\"https:\/\/myautoprestige.fr\/\"},{\"@type\":\"ListItem\",\"position\":2,\"name\":\"evenements agricoles \u00e0 venir\"}]},{\"@type\":\"WebSite\",\"@id\":\"https:\/\/myautoprestige.fr\/#website\",\"url\":\"https:\/\/myautoprestige.fr\/\",\"name\":\"Top Of The World\",\"description\":\"\",\"potentialAction\":[{\"@type\":\"SearchAction\",\"target\":{\"@type\":\"EntryPoint\",\"urlTemplate\":\"https:\/\/myautoprestige.fr\/?s={search_term_string}\"},\"query-input\":{\"@type\":\"PropertyValueSpecification\",\"valueRequired\":true,\"valueName\":\"search_term_string\"}}],\"inLanguage\":\"fr-FR\"}]}<\/script>\n<!-- \/ Yoast SEO plugin. -->","yoast_head_json":{"title":"evenements agricoles \u00e0 venir - Top Of The World","robots":{"index":"index","follow":"follow","max-snippet":"max-snippet:-1","max-image-preview":"max-image-preview:large","max-video-preview":"max-video-preview:-1"},"canonical":"https:\/\/myautoprestige.fr\/index.php\/evenements-agricoles-a-venir\/","og_locale":"fr_FR","og_type":"article","og_title":"evenements agricoles \u00e0 venir - Top Of The World","og_description":"Un salon du machinisme \u00e0 Paris en f\u00e9vrier Cette initiative vise \u00e0 mettre en lumi\u00e8re l&rsquo;importance du secteur agricole et","og_url":"https:\/\/myautoprestige.fr\/index.php\/evenements-agricoles-a-venir\/","og_site_name":"Top Of The World","article_modified_time":"2025-05-28T17:16:20+00:00","og_image":[{"width":1000,"height":561,"url":"https:\/\/myautoprestige.fr\/wp-content\/uploads\/2025\/05\/salon.webp","type":"image\/webp"}],"twitter_card":"summary_large_image","twitter_misc":{"Dur\u00e9e de lecture estim\u00e9e":"2 minutes"},"schema":{"@context":"https:\/\/schema.org","@graph":[{"@type":"WebPage","@id":"https:\/\/myautoprestige.fr\/index.php\/evenements-agricoles-a-venir\/","url":"https:\/\/myautoprestige.fr\/index.php\/evenements-agricoles-a-venir\/","name":"evenements agricoles \u00e0 venir - Top Of The World","isPartOf":{"@id":"https:\/\/myautoprestige.fr\/#website"},"primaryImageOfPage":{"@id":"https:\/\/myautoprestige.fr\/index.php\/evenements-agricoles-a-venir\/#primaryimage"},"image":{"@id":"https:\/\/myautoprestige.fr\/index.php\/evenements-agricoles-a-venir\/#primaryimage"},"thumbnailUrl":"https:\/\/myautoprestige.fr\/wp-content\/uploads\/2025\/05\/salon.webp","datePublished":"2025-05-28T17:03:43+00:00","dateModified":"2025-05-28T17:16:20+00:00","breadcrumb":{"@id":"https:\/\/myautoprestige.fr\/index.php\/evenements-agricoles-a-venir\/#breadcrumb"},"inLanguage":"fr-FR","potentialAction":[{"@type":"ReadAction","target":["https:\/\/myautoprestige.fr\/index.php\/evenements-agricoles-a-venir\/"]}]},{"@type":"ImageObject","inLanguage":"fr-FR","@id":"https:\/\/myautoprestige.fr\/index.php\/evenements-agricoles-a-venir\/#primaryimage","url":"https:\/\/myautoprestige.fr\/wp-content\/uploads\/2025\/05\/salon.webp","contentUrl":"https:\/\/myautoprestige.fr\/wp-content\/uploads\/2025\/05\/salon.webp","width":1000,"height":561},{"@type":"BreadcrumbList","@id":"https:\/\/myautoprestige.fr\/index.php\/evenements-agricoles-a-venir\/#breadcrumb","itemListElement":[{"@type":"ListItem","position":1,"name":"Accueil","item":"https:\/\/myautoprestige.fr\/"},{"@type":"ListItem","position":2,"name":"evenements agricoles \u00e0 venir"}]},{"@type":"WebSite","@id":"https:\/\/myautoprestige.fr\/#website","url":"https:\/\/myautoprestige.fr\/","name":"Top Of The World","description":"","potentialAction":[{"@type":"SearchAction","target":{"@type":"EntryPoint","urlTemplate":"https:\/\/myautoprestige.fr\/?s={search_term_string}"},"query-input":{"@type":"PropertyValueSpecification","valueRequired":true,"valueName":"search_term_string"}}],"inLanguage":"fr-FR"}]}},"_links":{"self":[{"href":"https:\/\/myautoprestige.fr\/index.php\/wp-json\/wp\/v2\/pages\/7196","targetHints":{"allow":["GET"]}}],"collection":[{"href":"https:\/\/myautoprestige.fr\/index.php\/wp-json\/wp\/v2\/pages"}],"about":[{"href":"https:\/\/myautoprestige.fr\/index.php\/wp-json\/wp\/v2\/types\/page"}],"author":[{"embeddable":true,"href":"https:\/\/myautoprestige.fr\/index.php\/wp-json\/wp\/v2\/users\/1"}],"replies":[{"embeddable":true,"href":"https:\/\/myautoprestige.fr\/index.php\/wp-json\/wp\/v2\/comments?post=7196"}],"version-history":[{"count":2,"href":"https:\/\/myautoprestige.fr\/index.php\/wp-json\/wp\/v2\/pages\/7196\/revisions"}],"predecessor-version":[{"id":7201,"href":"https:\/\/myautoprestige.fr\/index.php\/wp-json\/wp\/v2\/pages\/7196\/revisions\/7201"}],"wp:attachment":[{"href":"https:\/\/myautoprestige.fr\/index.php\/wp-json\/wp\/v2\/media?parent=7196"}],"curies":[{"name":"wp","href":"https:\/\/api.w.org\/{rel}","templated":true}]}}