{"id":1602,"date":"2021-08-02T09:31:45","date_gmt":"2021-08-02T09:31:45","guid":{"rendered":"http:\/\/dummy.xtemos.com\/woodmart2\/?page_id=1602"},"modified":"2025-05-31T11:58:47","modified_gmt":"2025-05-31T11:58:47","slug":"home-cars","status":"publish","type":"page","link":"https:\/\/myautoprestige.fr\/","title":{"rendered":"Home Cars"},"content":{"rendered":"<div class=\"wpb-content-wrapper\"><p>[vc_section full_width=\u00a0\u00bbstretch_row\u00a0\u00bb woodmart_disable_overflow=\u00a0\u00bb1&Prime; css=\u00a0\u00bb.vc_custom_1747964915578{background-image: url(https:\/\/myautoprestige.fr\/wp-content\/uploads\/2025\/05\/website.s_cover_default_image.jpg?id=7030) !important;background-position: center !important;background-repeat: no-repeat !important;background-size: cover !important;}\u00a0\u00bb woodmart_css_id=\u00a0\u00bb682fd376ef66e\u00a0\u00bb responsive_spacing=\u00a0\u00bbeyJwYXJhbV90eXBlIjoid29vZG1hcnRfcmVzcG9uc2l2ZV9zcGFjaW5nIiwic2VsZWN0b3JfaWQiOiI2ODJmZDM3NmVmNjZlIiwic2hvcnRjb2RlIjoidmNfc2VjdGlvbiIsImRhdGEiOnsidGFibGV0Ijp7fSwibW9iaWxlIjp7fX19&Prime; mobile_bg_img_hidden=\u00a0\u00bbno\u00a0\u00bb tablet_bg_img_hidden=\u00a0\u00bbno\u00a0\u00bb woodmart_parallax=\u00a0\u00bb0&Prime; woodmart_gradient_switch=\u00a0\u00bbno\u00a0\u00bb woodmart_box_shadow=\u00a0\u00bbno\u00a0\u00bb wd_z_index=\u00a0\u00bbno\u00a0\u00bb][vc_row full_width=\u00a0\u00bbstretch_row_content\u00a0\u00bb woodmart_disable_overflow=\u00a0\u00bb1&Prime; css=\u00a0\u00bb.vc_custom_1747966359724{margin-bottom: 0px !important;padding-top: 190px !important;padding-bottom: 190px !important;background-position: center !important;background-repeat: no-repeat !important;background-size: cover !important;}\u00a0\u00bb woodmart_css_id=\u00a0\u00bb682fd989939c8&Prime; responsive_spacing=\u00a0\u00bbeyJwYXJhbV90eXBlIjoid29vZG1hcnRfcmVzcG9uc2l2ZV9zcGFjaW5nIiwic2VsZWN0b3JfaWQiOiI2ODJmZDk4OTkzOWM4Iiwic2hvcnRjb2RlIjoidmNfcm93IiwiZGF0YSI6eyJ0YWJsZXQiOnsicGFkZGluZy10b3AiOiIyMDVweCIsInBhZGRpbmctYm90dG9tIjoiMjA1cHgifSwibW9iaWxlIjp7fX19&Prime; mobile_bg_img_hidden=\u00a0\u00bbno\u00a0\u00bb tablet_bg_img_hidden=\u00a0\u00bbno\u00a0\u00bb woodmart_parallax=\u00a0\u00bb0&Prime; woodmart_gradient_switch=\u00a0\u00bbno\u00a0\u00bb row_reverse_mobile=\u00a0\u00bb0&Prime; row_reverse_tablet=\u00a0\u00bb0&Prime; woodmart_box_shadow=\u00a0\u00bbno\u00a0\u00bb wd_z_index=\u00a0\u00bbno\u00a0\u00bb][vc_column css_animation=\u00a0\u00bbnone\u00a0\u00bb horizontal_alignment=\u00a0\u00bbeyJkZXZpY2VzIjp7ImRlc2t0b3AiOnsidmFsdWUiOiJjZW50ZXIifSwidGFibGV0Ijp7InZhbHVlIjoiIn0sIm1vYmlsZSI6eyJ2YWx1ZSI6IiJ9fX0=\u00a0\u00bb css=\u00a0\u00bb.vc_custom_1747967031903{padding-top: 0px !important;}\u00a0\u00bb offset=\u00a0\u00bbvc_col-lg-12 vc_col-md-12 vc_col-xs-12&Prime; woodmart_css_id=\u00a0\u00bb682fdbf55adb0&Prime; parallax_scroll=\u00a0\u00bbno\u00a0\u00bb woodmart_sticky_column=\u00a0\u00bbfalse\u00a0\u00bb wd_collapsible_content_switcher=\u00a0\u00bbno\u00a0\u00bb wd_column_role_offcanvas_desktop=\u00a0\u00bbno\u00a0\u00bb wd_column_role_offcanvas_tablet=\u00a0\u00bbno\u00a0\u00bb wd_column_role_offcanvas_mobile=\u00a0\u00bbno\u00a0\u00bb wd_column_role_content_desktop=\u00a0\u00bbno\u00a0\u00bb wd_column_role_content_tablet=\u00a0\u00bbno\u00a0\u00bb wd_column_role_content_mobile=\u00a0\u00bbno\u00a0\u00bb mobile_bg_img_hidden=\u00a0\u00bbno\u00a0\u00bb tablet_bg_img_hidden=\u00a0\u00bbno\u00a0\u00bb woodmart_parallax=\u00a0\u00bb0&Prime; woodmart_box_shadow=\u00a0\u00bbno\u00a0\u00bb responsive_spacing=\u00a0\u00bbeyJwYXJhbV90eXBlIjoid29vZG1hcnRfcmVzcG9uc2l2ZV9zcGFjaW5nIiwic2VsZWN0b3JfaWQiOiI2ODJmZGJmNTVhZGIwIiwic2hvcnRjb2RlIjoidmNfY29sdW1uIiwiZGF0YSI6eyJ0YWJsZXQiOnt9LCJtb2JpbGUiOnt9fX0=\u00a0\u00bb mobile_reset_margin=\u00a0\u00bbno\u00a0\u00bb tablet_reset_margin=\u00a0\u00bbno\u00a0\u00bb wd_z_index=\u00a0\u00bbno\u00a0\u00bb]\n\t\t<div id=\"wd-682fdcc6648bf\" class=\"title-wrapper wd-wpb set-mb-s reset-last-child  wd-rs-682fdcc6648bf wd-title-color-default wd-title-style-default text-center vc_custom_1747967201715 wd-underline-colored\">\n\t\t\t\n\t\t\t<div class=\"liner-continer\">\n\t\t\t\t<h4 class=\"woodmart-title-container title  wd-font-weight- wd-fontsize-xxxl\" >AUTO-PRESTIGE<\/h4>\n\t\t\t\t\t\t\t<\/div>\n\t\t\t\n\t\t\t\n\t\t\t\n\t\t<\/div>\n\t\t\n\t\t\t\t<div id=\"wd-682fdc7eaeef7\" class=\"wd-text-block wd-wpb reset-last-child wd-rs-682fdc7eaeef7 text-center color-scheme-light color-title wd-fontsize-custom vc_custom_1747967113327\">\n\t\t\t<p>Pour des r\u00e9coltes, choisissez la puissance!!!<\/p>\n\t\t<\/div>\n\t\t<div id=\"wd-682fd6f2acc13\" class=\" wd-rs-682fd6f2acc13  wd-button-wrapper text-center\"><a href=\"https:\/\/myautoprestige.fr\/index.php\/boutique\/\" title=\"\" class=\"btn btn-color-default btn-style-default btn-style-round btn-size-default\">D\u00e9couvrez nos tracteurs<\/a><\/div>[\/vc_column][\/vc_row][vc_row full_width=\u00a0\u00bbstretch_row_content_no_spaces\u00a0\u00bb woodmart_disable_overflow=\u00a0\u00bb1&Prime; woodmart_css_id=\u00a0\u00bb6107d3933761a\u00a0\u00bb responsive_spacing=\u00a0\u00bbeyJwYXJhbV90eXBlIjoid29vZG1hcnRfcmVzcG9uc2l2ZV9zcGFjaW5nIiwic2VsZWN0b3JfaWQiOiI2MTA3ZDM5MzM3NjFhIiwic2hvcnRjb2RlIjoidmNfcm93IiwiZGF0YSI6eyJ0YWJsZXQiOnt9LCJtb2JpbGUiOnt9fX0=\u00a0\u00bb mobile_bg_img_hidden=\u00a0\u00bbno\u00a0\u00bb tablet_bg_img_hidden=\u00a0\u00bbno\u00a0\u00bb woodmart_parallax=\u00a0\u00bb0&Prime; woodmart_gradient_switch=\u00a0\u00bbno\u00a0\u00bb row_reverse_mobile=\u00a0\u00bb0&Prime; row_reverse_tablet=\u00a0\u00bb0&Prime;][vc_column][vc_empty_space woodmart_hide_large=\u00a0\u00bb0&Prime; woodmart_hide_medium=\u00a0\u00bb0&Prime; woodmart_hide_small=\u00a0\u00bb0&Prime;][vc_empty_space woodmart_hide_large=\u00a0\u00bb0&Prime; woodmart_hide_medium=\u00a0\u00bb0&Prime; woodmart_hide_small=\u00a0\u00bb0&Prime;][\/vc_column][\/vc_row][\/vc_section][vc_row woodmart_css_id=\u00a0\u00bb6107f73913d01&Prime; responsive_spacing=\u00a0\u00bbeyJwYXJhbV90eXBlIjoid29vZG1hcnRfcmVzcG9uc2l2ZV9zcGFjaW5nIiwic2VsZWN0b3JfaWQiOiI2MTA3ZjczOTEzZDAxIiwic2hvcnRjb2RlIjoidmNfcm93IiwiZGF0YSI6eyJ0YWJsZXQiOnt9LCJtb2JpbGUiOnt9fX0=\u00a0\u00bb mobile_bg_img_hidden=\u00a0\u00bbno\u00a0\u00bb tablet_bg_img_hidden=\u00a0\u00bbno\u00a0\u00bb woodmart_parallax=\u00a0\u00bb0&Prime; woodmart_gradient_switch=\u00a0\u00bbno\u00a0\u00bb row_reverse_mobile=\u00a0\u00bb0&Prime; row_reverse_tablet=\u00a0\u00bb0&Prime; woodmart_disable_overflow=\u00a0\u00bb1&Prime;][vc_column css=\u00a0\u00bb.vc_custom_1628780401588{margin-top: -100px !important;margin-bottom: 75px !important;}\u00a0\u00bb woodmart_css_id=\u00a0\u00bb61153764e7a4f\u00a0\u00bb responsive_spacing=\u00a0\u00bbeyJwYXJhbV90eXBlIjoid29vZG1hcnRfcmVzcG9uc2l2ZV9zcGFjaW5nIiwic2VsZWN0b3JfaWQiOiI2MTE1Mzc2NGU3YTRmIiwic2hvcnRjb2RlIjoidmNfY29sdW1uIiwiZGF0YSI6eyJ0YWJsZXQiOnsibWFyZ2luLWJvdHRvbSI6IjU1In0sIm1vYmlsZSI6eyJtYXJnaW4tdG9wIjoiMCIsIm1hcmdpbi1ib3R0b20iOiIzNSJ9fX0=\u00a0\u00bb parallax_scroll=\u00a0\u00bbno\u00a0\u00bb mobile_bg_img_hidden=\u00a0\u00bbno\u00a0\u00bb tablet_bg_img_hidden=\u00a0\u00bbno\u00a0\u00bb woodmart_parallax=\u00a0\u00bb0&Prime; woodmart_sticky_column=\u00a0\u00bbfalse\u00a0\u00bb mobile_reset_margin=\u00a0\u00bbno\u00a0\u00bb tablet_reset_margin=\u00a0\u00bbno\u00a0\u00bb wd_z_index=\u00a0\u00bbyes\u00a0\u00bb][vc_column_text css=\u00a0\u00bb\u00a0\u00bb woodmart_inline=\u00a0\u00bbyes\u00a0\u00bb text_larger=\u00a0\u00bbno\u00a0\u00bb]<\/p>\n<h1><span style=\"color: #ffffff;\">Nos options conseilles\u00a0et d\u00e9lais de livraison<\/span><\/h1>\n<h1><\/h1>\n<p>[\/vc_column_text][vc_row_inner woodmart_css_id=\u00a0\u00bb6107f73c9620b\u00a0\u00bb responsive_spacing=\u00a0\u00bbeyJwYXJhbV90eXBlIjoid29vZG1hcnRfcmVzcG9uc2l2ZV9zcGFjaW5nIiwic2VsZWN0b3JfaWQiOiI2MTA3ZjczYzk2MjBiIiwic2hvcnRjb2RlIjoidmNfcm93X2lubmVyIiwiZGF0YSI6eyJ0YWJsZXQiOnt9LCJtb2JpbGUiOnt9fX0=\u00a0\u00bb row_reverse_mobile=\u00a0\u00bb0&Prime; row_reverse_tablet=\u00a0\u00bb0&Prime;][vc_column_inner woodmart_css_id=\u00a0\u00bb6107f548771f0&Prime; responsive_spacing=\u00a0\u00bbeyJwYXJhbV90eXBlIjoid29vZG1hcnRfcmVzcG9uc2l2ZV9zcGFjaW5nIiwic2VsZWN0b3JfaWQiOiI2MTA3ZjU0ODc3MWYwIiwic2hvcnRjb2RlIjoidmNfY29sdW1uX2lubmVyIiwiZGF0YSI6eyJ0YWJsZXQiOnt9LCJtb2JpbGUiOnsibWFyZ2luLXRvcCI6Ii0xMDAifX19&Prime; offset=\u00a0\u00bbvc_col-md-4 vc_col-xs-12&Prime;]\t\t<div class=\"promo-banner-wrapper  wd-rs-683acaa2dd09b vc_custom_1748683551744 wd-width-custom\">\n\t\t\t<div id=\"wd-683acaa2dd09b\" class=\"promo-banner  banner-shadow banner-hover-zoom color-scheme-light banner-btn-size-small banner-btn-style-bordered  wd-underline-colored\"\t\t\t\t\t\t\t>\n\t\t\t\t<div class=\"main-wrapp-img\">\n\t\t\t\t\t<div class=\"banner-image wd-bg-position-center\" >\n\t\t\t\t\t\t<img loading=\"lazy\" decoding=\"async\" width=\"1024\" height=\"1024\" src=\"https:\/\/myautoprestige.fr\/wp-content\/uploads\/2025\/05\/Auto-Pres-1.webp\" class=\"promo-banner-image attachment-full\" alt=\"\" title=\"Auto Pres 1\" srcset=\"https:\/\/myautoprestige.fr\/wp-content\/uploads\/2025\/05\/Auto-Pres-1.webp 1024w, https:\/\/myautoprestige.fr\/wp-content\/uploads\/2025\/05\/Auto-Pres-1-430x430.webp 430w, https:\/\/myautoprestige.fr\/wp-content\/uploads\/2025\/05\/Auto-Pres-1-150x150.webp 150w, https:\/\/myautoprestige.fr\/wp-content\/uploads\/2025\/05\/Auto-Pres-1-700x700.webp 700w, https:\/\/myautoprestige.fr\/wp-content\/uploads\/2025\/05\/Auto-Pres-1-300x300.webp 300w, https:\/\/myautoprestige.fr\/wp-content\/uploads\/2025\/05\/Auto-Pres-1-800x800.webp 800w, https:\/\/myautoprestige.fr\/wp-content\/uploads\/2025\/05\/Auto-Pres-1-768x768.webp 768w, https:\/\/myautoprestige.fr\/wp-content\/uploads\/2025\/05\/Auto-Pres-1-860x860.webp 860w\" sizes=\"auto, (max-width: 1024px) 100vw, 1024px\" \/>\t\t\t\t\t<\/div>\n\t\t\t\t<\/div>\n\n\t\t\t\t<div class=\"wrapper-content-banner wd-fill  wd-items-middle wd-justify-center\">\n\t\t\t\t\t<div class=\"content-banner text-center\">\n\t\t\t\t\t\t<div class=\"banner-title-wrap\">\n\t\t\t\t\t\t\t\t\t\t\t\t\t<\/div>\n\t\t\t\t\t\t\t\t\t\t\t\t\t\t\t\t\t<\/div>\n\t\t\t\t<\/div>\n\t\t\t\t\t\t\t<\/div>\n\t\t<\/div>\n\n\t\t[vc_column_text css=\u00a0\u00bb\u00a0\u00bb woodmart_inline=\u00a0\u00bbno\u00a0\u00bb text_larger=\u00a0\u00bbno\u00a0\u00bb]<\/p>\n<h3>Nos v\u00e9hicules de livraison<\/h3>\n<h5>Nous poss\u00e9dons une flotte de camions pour garantir la livraison de votre nouveau mat\u00e9riel.<\/h5>\n<p>[\/vc_column_text][\/vc_column_inner][vc_column_inner woodmart_css_id=\u00a0\u00bb6107f41776a23&Prime; responsive_spacing=\u00a0\u00bbeyJwYXJhbV90eXBlIjoid29vZG1hcnRfcmVzcG9uc2l2ZV9zcGFjaW5nIiwic2VsZWN0b3JfaWQiOiI2MTA3ZjQxNzc2YTIzIiwic2hvcnRjb2RlIjoidmNfY29sdW1uX2lubmVyIiwiZGF0YSI6eyJ0YWJsZXQiOnt9LCJtb2JpbGUiOnt9fX0=\u00a0\u00bb offset=\u00a0\u00bbvc_col-md-4 vc_col-xs-12&Prime;]\t\t<div class=\"promo-banner-wrapper  wd-rs-683acbd1cb048 vc_custom_1748683742527 wd-width-custom\">\n\t\t\t<div id=\"wd-683acbd1cb048\" class=\"promo-banner  banner-shadow banner-hover-zoom color-scheme-light banner-btn-size-small banner-btn-style-bordered  wd-underline-colored\"\t\t\t\t\t\t\t>\n\t\t\t\t<div class=\"main-wrapp-img\">\n\t\t\t\t\t<div class=\"banner-image wd-bg-position-center\" >\n\t\t\t\t\t\t<img loading=\"lazy\" decoding=\"async\" width=\"1024\" height=\"1024\" src=\"https:\/\/myautoprestige.fr\/wp-content\/uploads\/2025\/05\/Auto-pres-2.webp\" class=\"promo-banner-image attachment-full\" alt=\"\" title=\"Auto pres 2\" srcset=\"https:\/\/myautoprestige.fr\/wp-content\/uploads\/2025\/05\/Auto-pres-2.webp 1024w, https:\/\/myautoprestige.fr\/wp-content\/uploads\/2025\/05\/Auto-pres-2-430x430.webp 430w, https:\/\/myautoprestige.fr\/wp-content\/uploads\/2025\/05\/Auto-pres-2-150x150.webp 150w, https:\/\/myautoprestige.fr\/wp-content\/uploads\/2025\/05\/Auto-pres-2-700x700.webp 700w, https:\/\/myautoprestige.fr\/wp-content\/uploads\/2025\/05\/Auto-pres-2-300x300.webp 300w, https:\/\/myautoprestige.fr\/wp-content\/uploads\/2025\/05\/Auto-pres-2-800x800.webp 800w, https:\/\/myautoprestige.fr\/wp-content\/uploads\/2025\/05\/Auto-pres-2-768x768.webp 768w, https:\/\/myautoprestige.fr\/wp-content\/uploads\/2025\/05\/Auto-pres-2-860x860.webp 860w\" sizes=\"auto, (max-width: 1024px) 100vw, 1024px\" \/>\t\t\t\t\t<\/div>\n\t\t\t\t<\/div>\n\n\t\t\t\t<div class=\"wrapper-content-banner wd-fill  wd-items-middle wd-justify-center\">\n\t\t\t\t\t<div class=\"content-banner text-center\">\n\t\t\t\t\t\t<div class=\"banner-title-wrap\">\n\t\t\t\t\t\t\t\t\t\t\t\t\t<\/div>\n\t\t\t\t\t\t\t\t\t\t\t\t\t\t\t\t\t<\/div>\n\t\t\t\t<\/div>\n\t\t\t\t\t\t\t<\/div>\n\t\t<\/div>\n\n\t\t[vc_column_text css=\u00a0\u00bb\u00a0\u00bb woodmart_inline=\u00a0\u00bbno\u00a0\u00bb text_larger=\u00a0\u00bbno\u00a0\u00bb]<\/p>\n<div class=\"banner-title-wrap\">\n<h3 class=\"banner-title wd-font-weight- wd-fontsize-xl\">Nos v\u00e9hicules de livraison<\/h3>\n<\/div>\n<div class=\"banner-inner set-cont-mb-s reset-last-child wd-fontsize-xs\">\n<h5>Nous vous conseillons de v\u00e9rifier soigneusement le mat\u00e9riel \u00e0 la livraison afin de vous assurer qu\u2019il correspond \u00e0 votre commande avant de signer le bon de livraison.<\/h5>\n<\/div>\n<p>[\/vc_column_text][\/vc_column_inner][vc_column_inner offset=\u00a0\u00bbvc_col-md-4 vc_col-xs-12&Prime; woodmart_css_id=\u00a0\u00bb6107f41feccac\u00a0\u00bb responsive_spacing=\u00a0\u00bbeyJwYXJhbV90eXBlIjoid29vZG1hcnRfcmVzcG9uc2l2ZV9zcGFjaW5nIiwic2VsZWN0b3JfaWQiOiI2MTA3ZjQxZmVjY2FjIiwic2hvcnRjb2RlIjoidmNfY29sdW1uX2lubmVyIiwiZGF0YSI6eyJ0YWJsZXQiOnt9LCJtb2JpbGUiOnt9fX0=\u00a0\u00bb]\t\t<div class=\"promo-banner-wrapper  wd-rs-683acbe569235 vc_custom_1748683764687 wd-width-custom\">\n\t\t\t<div id=\"wd-683acbe569235\" class=\"promo-banner  banner-shadow banner-hover-zoom color-scheme-light banner-btn-size-small banner-btn-style-bordered  wd-underline-colored\"\t\t\t\t\t\t\t>\n\t\t\t\t<div class=\"main-wrapp-img\">\n\t\t\t\t\t<div class=\"banner-image wd-bg-position-center\" >\n\t\t\t\t\t\t<img loading=\"lazy\" decoding=\"async\" width=\"498\" height=\"465\" src=\"https:\/\/myautoprestige.fr\/wp-content\/uploads\/2025\/05\/111.webp\" class=\"promo-banner-image attachment-full\" alt=\"\" title=\"111\" srcset=\"https:\/\/myautoprestige.fr\/wp-content\/uploads\/2025\/05\/111.webp 498w, https:\/\/myautoprestige.fr\/wp-content\/uploads\/2025\/05\/111-430x402.webp 430w, https:\/\/myautoprestige.fr\/wp-content\/uploads\/2025\/05\/111-150x140.webp 150w, https:\/\/myautoprestige.fr\/wp-content\/uploads\/2025\/05\/111-321x300.webp 321w\" sizes=\"auto, (max-width: 498px) 100vw, 498px\" \/>\t\t\t\t\t<\/div>\n\t\t\t\t<\/div>\n\n\t\t\t\t<div class=\"wrapper-content-banner wd-fill  wd-items-middle wd-justify-center\">\n\t\t\t\t\t<div class=\"content-banner text-center\">\n\t\t\t\t\t\t<div class=\"banner-title-wrap\">\n\t\t\t\t\t\t\t\t\t\t\t\t\t<\/div>\n\t\t\t\t\t\t\t\t\t\t\t\t\t\t\t\t\t<\/div>\n\t\t\t\t<\/div>\n\t\t\t\t\t\t\t<\/div>\n\t\t<\/div>\n\n\t\t[vc_column_text css=\u00a0\u00bb\u00a0\u00bb woodmart_inline=\u00a0\u00bbno\u00a0\u00bb text_larger=\u00a0\u00bbno\u00a0\u00bb]<\/p>\n<div class=\"banner-title-wrap\">\n<h3 class=\"banner-title wd-font-weight- wd-fontsize-xl\">Nos v\u00e9hicules de livraison<\/h3>\n<\/div>\n<div class=\"banner-inner set-cont-mb-s reset-last-child wd-fontsize-xs\">\n<h5>Votre nouveau mat\u00e9riel est g\u00e9n\u00e9ralement livr\u00e9 dans un d\u00e9lai de 5 \u00e0 10 jours, en fonction de la commande. Cependant, les engins provenant d\u2019Autriche peuvent n\u00e9cessiter un peu plus de temps pour leur livraison.<\/h5>\n<\/div>\n<p>[\/vc_column_text][\/vc_column_inner][\/vc_row_inner][\/vc_column][\/vc_row][vc_row css=\u00a0\u00bb.vc_custom_1627903220112{margin-bottom: 80px !important;}\u00a0\u00bb woodmart_css_id=\u00a0\u00bb6107d4e8d3a49&Prime; responsive_spacing=\u00a0\u00bbeyJwYXJhbV90eXBlIjoid29vZG1hcnRfcmVzcG9uc2l2ZV9zcGFjaW5nIiwic2VsZWN0b3JfaWQiOiI2MTA3ZDRlOGQzYTQ5Iiwic2hvcnRjb2RlIjoidmNfcm93IiwiZGF0YSI6eyJ0YWJsZXQiOnsibWFyZ2luLWJvdHRvbSI6IjYwIn0sIm1vYmlsZSI6eyJtYXJnaW4tYm90dG9tIjoiNDAifX19&Prime; mobile_bg_img_hidden=\u00a0\u00bbno\u00a0\u00bb tablet_bg_img_hidden=\u00a0\u00bbno\u00a0\u00bb woodmart_parallax=\u00a0\u00bb0&Prime; woodmart_gradient_switch=\u00a0\u00bbno\u00a0\u00bb row_reverse_mobile=\u00a0\u00bb0&Prime; row_reverse_tablet=\u00a0\u00bb0&Prime; woodmart_disable_overflow=\u00a0\u00bb0&Prime;][vc_column]\n\t\t<div id=\"wd-683032985dc4d\" class=\"title-wrapper wd-wpb set-mb-s reset-last-child  wd-rs-683032985dc4d wd-title-color-primary wd-title-style-default text-center vc_custom_1747989153532 wd-underline-colored\">\n\t\t\t\t\t\t\t<div class=\"title-subtitle  subtitle-color-primary font-default subtitle-style-background wd-font-weight- wd-fontsize-xs\">D\u00e9couvrez les nouveaut\u00e9s dans notre entreprise !<\/div>\n\t\t\t\n\t\t\t<div class=\"liner-continer\">\n\t\t\t\t<h4 class=\"woodmart-title-container title  wd-font-weight- wd-fontsize-xxl\" >Tous nos mod\u00e8les de tracteurs camions et voitures<\/h4>\n\t\t\t\t\t\t\t<\/div>\n\t\t\t\n\t\t\t\n\t\t\t\n\t\t<\/div>\n\t\t\n\t\t\t\t\t<div class=\"wd-products-element\">\n\t\t\t\n\t\t\n\t\t\t\t\t<div class=\"products elements-grid align-items-start row wd-products-holder  wd-spacing-20 grid-columns-4 pagination- align-items-start\" data-paged=\"1\" data-atts=\"{&quot;element_title&quot;:&quot;&quot;,&quot;post_type&quot;:&quot;product&quot;,&quot;layout&quot;:&quot;grid&quot;,&quot;include&quot;:&quot;&quot;,&quot;custom_query&quot;:&quot;&quot;,&quot;taxonomies&quot;:&quot;&quot;,&quot;pagination&quot;:&quot;&quot;,&quot;items_per_page&quot;:&quot;8&quot;,&quot;product_hover&quot;:&quot;inherit&quot;,&quot;spacing&quot;:&quot;20&quot;,&quot;columns&quot;:4,&quot;columns_tablet&quot;:&quot;auto&quot;,&quot;columns_mobile&quot;:&quot;auto&quot;,&quot;sale_countdown&quot;:&quot;0&quot;,&quot;stretch_product_desktop&quot;:0,&quot;stretch_product_tablet&quot;:0,&quot;stretch_product_mobile&quot;:0,&quot;stock_progress_bar&quot;:&quot;0&quot;,&quot;highlighted_products&quot;:&quot;0&quot;,&quot;products_bordered_grid&quot;:&quot;0&quot;,&quot;products_bordered_grid_style&quot;:&quot;outside&quot;,&quot;product_quantity&quot;:0,&quot;offset&quot;:&quot;&quot;,&quot;orderby&quot;:&quot;&quot;,&quot;query_type&quot;:&quot;OR&quot;,&quot;order&quot;:&quot;&quot;,&quot;meta_key&quot;:&quot;&quot;,&quot;exclude&quot;:&quot;&quot;,&quot;class&quot;:&quot;&quot;,&quot;ajax_page&quot;:&quot;&quot;,&quot;speed&quot;:&quot;5000&quot;,&quot;slides_per_view&quot;:&quot;4&quot;,&quot;slides_per_view_tablet&quot;:&quot;auto&quot;,&quot;slides_per_view_mobile&quot;:&quot;auto&quot;,&quot;wrap&quot;:&quot;&quot;,&quot;autoplay&quot;:&quot;no&quot;,&quot;center_mode&quot;:&quot;no&quot;,&quot;hide_pagination_control&quot;:&quot;&quot;,&quot;hide_prev_next_buttons&quot;:&quot;&quot;,&quot;scroll_per_page&quot;:&quot;yes&quot;,&quot;img_size&quot;:&quot;woocommerce_thumbnail&quot;,&quot;force_not_ajax&quot;:&quot;no&quot;,&quot;products_masonry&quot;:&quot;0&quot;,&quot;products_different_sizes&quot;:&quot;0&quot;,&quot;lazy_loading&quot;:&quot;no&quot;,&quot;scroll_carousel_init&quot;:&quot;no&quot;,&quot;el_class&quot;:&quot;&quot;,&quot;shop_tools&quot;:&quot;no&quot;,&quot;query_post_type&quot;:&quot;product&quot;,&quot;hide_out_of_stock&quot;:&quot;no&quot;,&quot;css&quot;:&quot;&quot;,&quot;woodmart_css_id&quot;:&quot;&quot;,&quot;ajax_recently_viewed&quot;:&quot;no&quot;}\" data-source=\"shortcode\" data-columns=\"4\">\n\t\t\t<div class=\"product-grid-item product product-no-swatches wd-hover-base wd-hover-with-fade  col-lg-3 col-md-3 col-6 first  type-product post-7308 status-publish instock product_cat-accessories has-post-thumbnail shipping-taxable purchasable product-type-simple\" data-loop=\"1\" data-id=\"7308\">\n\t\n\t\n<div class=\"product-wrapper\">\n\t<div class=\"content-product-imagin\"><\/div>\n\t<div class=\"product-element-top wd-quick-shop\">\n\t\t<a href=\"https:\/\/myautoprestige.fr\/index.php\/produit\/2014-pottinger-tondeuse-triple\/\" class=\"product-image-link\">\n\t\t\t<img loading=\"lazy\" decoding=\"async\" width=\"430\" height=\"323\" src=\"https:\/\/myautoprestige.fr\/wp-content\/uploads\/2025\/05\/2014-Pottinger-Tondeuse-triple-430x323.webp\" class=\"attachment-woocommerce_thumbnail size-woocommerce_thumbnail\" alt=\"\" srcset=\"https:\/\/myautoprestige.fr\/wp-content\/uploads\/2025\/05\/2014-Pottinger-Tondeuse-triple-430x323.webp 430w, https:\/\/myautoprestige.fr\/wp-content\/uploads\/2025\/05\/2014-Pottinger-Tondeuse-triple-400x300.webp 400w, https:\/\/myautoprestige.fr\/wp-content\/uploads\/2025\/05\/2014-Pottinger-Tondeuse-triple-768x576.webp 768w, https:\/\/myautoprestige.fr\/wp-content\/uploads\/2025\/05\/2014-Pottinger-Tondeuse-triple-860x645.webp 860w, https:\/\/myautoprestige.fr\/wp-content\/uploads\/2025\/05\/2014-Pottinger-Tondeuse-triple-700x525.webp 700w, https:\/\/myautoprestige.fr\/wp-content\/uploads\/2025\/05\/2014-Pottinger-Tondeuse-triple-150x113.webp 150w, https:\/\/myautoprestige.fr\/wp-content\/uploads\/2025\/05\/2014-Pottinger-Tondeuse-triple.webp 1024w\" sizes=\"auto, (max-width: 430px) 100vw, 430px\" \/>\t\t<\/a>\n\t\t\t\t\t<div class=\"hover-img\">\n\t\t\t\t<a href=\"https:\/\/myautoprestige.fr\/index.php\/produit\/2014-pottinger-tondeuse-triple\/\">\n\t\t\t\t\t<img loading=\"lazy\" decoding=\"async\" width=\"430\" height=\"323\" src=\"https:\/\/myautoprestige.fr\/wp-content\/uploads\/2025\/05\/1-430x323.webp\" class=\"attachment-woocommerce_thumbnail size-woocommerce_thumbnail\" alt=\"\" srcset=\"https:\/\/myautoprestige.fr\/wp-content\/uploads\/2025\/05\/1-430x323.webp 430w, https:\/\/myautoprestige.fr\/wp-content\/uploads\/2025\/05\/1-400x300.webp 400w, https:\/\/myautoprestige.fr\/wp-content\/uploads\/2025\/05\/1-768x576.webp 768w, https:\/\/myautoprestige.fr\/wp-content\/uploads\/2025\/05\/1-860x645.webp 860w, https:\/\/myautoprestige.fr\/wp-content\/uploads\/2025\/05\/1-700x525.webp 700w, https:\/\/myautoprestige.fr\/wp-content\/uploads\/2025\/05\/1-150x113.webp 150w, https:\/\/myautoprestige.fr\/wp-content\/uploads\/2025\/05\/1.webp 1024w\" sizes=\"auto, (max-width: 430px) 100vw, 430px\" \/>\t\t\t\t<\/a>\n\t\t\t<\/div>\n\t\t\t\t\t<div class=\"wrapp-swatches\">\t\t\t<div class=\"wd-compare-btn product-compare-button wd-action-btn wd-style-icon wd-compare-icon\">\n\t\t\t\t<a href=\"https:\/\/myautoprestige.fr\/index.php\/compare\/\" data-id=\"7308\" rel=\"nofollow\" data-added-text=\"Compare products\">\n\t\t\t\t\t<span>Compare<\/span>\n\t\t\t\t<\/a>\n\t\t\t<\/div>\n\t\t<\/div>\n\t<\/div>\n\n\t<div class=\"product-element-bottom product-information\">\n\t\t<h3 class=\"wd-entities-title\"><a href=\"https:\/\/myautoprestige.fr\/index.php\/produit\/2014-pottinger-tondeuse-triple\/\">2014 Pottinger Tondeuse triple<\/a><\/h3>\t\t\t\t<div class=\"wd-product-cats\">\n\t\t\t<a href=\"https:\/\/myautoprestige.fr\/index.php\/categorie-produit\/accessories\/\" rel=\"tag\">Accessories<\/a>\t\t<\/div>\n\t\t\t\t<div class=\"product-rating-price\">\n\t\t\t<div class=\"wrapp-product-price\">\n\t\t\t\t\t\t\t\t\n\t<span class=\"price\"><span class=\"woocommerce-Price-amount amount\"><bdi>8 000,00&nbsp;<span class=\"woocommerce-Price-currencySymbol\">&euro;<\/span><\/bdi><\/span><\/span>\n\t\t\t<\/div>\n\t\t<\/div>\n\t\t<div class=\"fade-in-block\">\n\t\t\t<div class=\"hover-content wd-more-desc\">\n\t\t\t\t<div class=\"hover-content-inner wd-more-desc-inner\">\n\t\t\t\t\tPour faucheuse : Novacat 301, type 3761, ann\u00e9e de construction 2014, dimensions : 3m de large, profondeur 2,1m, hauteur 1,6m\t\t\t\t<\/div>\n\t\t\t\t<a href=\"#\" rel=\"nofollow\" class=\"wd-more-desc-btn\" aria-label=\"Read more description\"><span><\/span><\/a>\n\t\t\t<\/div>\n\t\t\t<div class=\" wd-bottom-actions\">\n\t\t\t\t<div class=\"wrap-wishlist-button\">\t\t\t<div class=\"wd-wishlist-btn wd-action-btn wd-style-icon wd-wishlist-icon\">\n\t\t\t\t<a class=\"\" href=\"https:\/\/myautoprestige.fr\/index.php\/wishlist\/\" data-key=\"39c3796c60\" data-product-id=\"7308\" rel=\"nofollow\" data-added-text=\"Browse Wishlist\">\n\t\t\t\t\t<span>Add to wishlist<\/span>\n\t\t\t\t<\/a>\n\t\t\t<\/div>\n\t\t<\/div>\n\t\t\t\t<div class=\"wd-add-btn wd-add-btn-replace\">\n\t\t\t\t\t<a href=\"?add-to-cart=7308\" data-quantity=\"1\" class=\"button product_type_simple add_to_cart_button ajax_add_to_cart text_replaceable add-to-cart-loop\" data-product_id=\"7308\" data-product_sku=\"\" aria-label=\"Ajouter au panier\u00a0: &ldquo;2014 Pottinger Tondeuse triple&rdquo;\" rel=\"nofollow\" data-success_message=\"\u00ab\u00a02014 Pottinger Tondeuse triple\u00a0\u00bb a \u00e9t\u00e9 ajout\u00e9 \u00e0 votre panier\"><span>Demander un devis<\/span><\/a>\t\t\t\t\t\t\t\t\t<\/div>\n\t\t\t\t<div class=\"wrap-quickview-button\">\t\t<div class=\"quick-view wd-action-btn wd-style-icon wd-quick-view-icon\">\n\t\t\t<a\n\t\t\t\thref=\"https:\/\/myautoprestige.fr\/index.php\/produit\/2014-pottinger-tondeuse-triple\/\"\n\t\t\t\tclass=\"open-quick-view quick-view-button\"\n\t\t\t\trel=\"nofollow\"\n\t\t\t\tdata-id=\"7308\">Quick view<\/a>\n\t\t<\/div>\n\t\t<\/div>\n\t\t\t<\/div>\n\n\n\t\t\t\t\t\t\n\t\t\t\t\t<\/div>\n\t<\/div>\n<\/div>\n<\/div>\n<div class=\"product-grid-item product product-no-swatches wd-hover-base wd-hover-with-fade  col-lg-3 col-md-3 col-6 type-product post-7660 status-publish instock product_cat-accessories has-post-thumbnail shipping-taxable purchasable product-type-simple\" data-loop=\"2\" data-id=\"7660\">\n\t\n\t\n<div class=\"product-wrapper\">\n\t<div class=\"content-product-imagin\"><\/div>\n\t<div class=\"product-element-top wd-quick-shop\">\n\t\t<a href=\"https:\/\/myautoprestige.fr\/index.php\/produit\/audi-q5-55-tfsi-e-tron-quattro-sline\/\" class=\"product-image-link\">\n\t\t\t<img loading=\"lazy\" decoding=\"async\" width=\"430\" height=\"323\" src=\"https:\/\/myautoprestige.fr\/wp-content\/uploads\/2025\/10\/Sans-titre-1-2-430x323.jpg\" class=\"attachment-woocommerce_thumbnail size-woocommerce_thumbnail\" alt=\"\" srcset=\"https:\/\/myautoprestige.fr\/wp-content\/uploads\/2025\/10\/Sans-titre-1-2-430x323.jpg 430w, https:\/\/myautoprestige.fr\/wp-content\/uploads\/2025\/10\/Sans-titre-1-2-400x300.jpg 400w, https:\/\/myautoprestige.fr\/wp-content\/uploads\/2025\/10\/Sans-titre-1-2-1067x800.jpg 1067w, https:\/\/myautoprestige.fr\/wp-content\/uploads\/2025\/10\/Sans-titre-1-2-768x576.jpg 768w, https:\/\/myautoprestige.fr\/wp-content\/uploads\/2025\/10\/Sans-titre-1-2-1536x1152.jpg 1536w, https:\/\/myautoprestige.fr\/wp-content\/uploads\/2025\/10\/Sans-titre-1-2-2048x1536.jpg 2048w, https:\/\/myautoprestige.fr\/wp-content\/uploads\/2025\/10\/Sans-titre-1-2-860x645.jpg 860w, https:\/\/myautoprestige.fr\/wp-content\/uploads\/2025\/10\/Sans-titre-1-2-700x525.jpg 700w, https:\/\/myautoprestige.fr\/wp-content\/uploads\/2025\/10\/Sans-titre-1-2-150x113.jpg 150w\" sizes=\"auto, (max-width: 430px) 100vw, 430px\" \/>\t\t<\/a>\n\t\t\t\t\t<div class=\"hover-img\">\n\t\t\t\t<a href=\"https:\/\/myautoprestige.fr\/index.php\/produit\/audi-q5-55-tfsi-e-tron-quattro-sline\/\">\n\t\t\t\t\t<img loading=\"lazy\" decoding=\"async\" width=\"430\" height=\"323\" src=\"https:\/\/myautoprestige.fr\/wp-content\/uploads\/2025\/10\/Sans-titre-9-430x323.jpg\" class=\"attachment-woocommerce_thumbnail size-woocommerce_thumbnail\" alt=\"\" srcset=\"https:\/\/myautoprestige.fr\/wp-content\/uploads\/2025\/10\/Sans-titre-9-430x323.jpg 430w, https:\/\/myautoprestige.fr\/wp-content\/uploads\/2025\/10\/Sans-titre-9-400x300.jpg 400w, https:\/\/myautoprestige.fr\/wp-content\/uploads\/2025\/10\/Sans-titre-9-1067x800.jpg 1067w, https:\/\/myautoprestige.fr\/wp-content\/uploads\/2025\/10\/Sans-titre-9-768x576.jpg 768w, https:\/\/myautoprestige.fr\/wp-content\/uploads\/2025\/10\/Sans-titre-9-1536x1152.jpg 1536w, https:\/\/myautoprestige.fr\/wp-content\/uploads\/2025\/10\/Sans-titre-9-2048x1536.jpg 2048w, https:\/\/myautoprestige.fr\/wp-content\/uploads\/2025\/10\/Sans-titre-9-860x645.jpg 860w, https:\/\/myautoprestige.fr\/wp-content\/uploads\/2025\/10\/Sans-titre-9-700x525.jpg 700w, https:\/\/myautoprestige.fr\/wp-content\/uploads\/2025\/10\/Sans-titre-9-150x113.jpg 150w\" sizes=\"auto, (max-width: 430px) 100vw, 430px\" \/>\t\t\t\t<\/a>\n\t\t\t<\/div>\n\t\t\t\t\t<div class=\"wrapp-swatches\">\t\t\t<div class=\"wd-compare-btn product-compare-button wd-action-btn wd-style-icon wd-compare-icon\">\n\t\t\t\t<a href=\"https:\/\/myautoprestige.fr\/index.php\/compare\/\" data-id=\"7660\" rel=\"nofollow\" data-added-text=\"Compare products\">\n\t\t\t\t\t<span>Compare<\/span>\n\t\t\t\t<\/a>\n\t\t\t<\/div>\n\t\t<\/div>\n\t<\/div>\n\n\t<div class=\"product-element-bottom product-information\">\n\t\t<h3 class=\"wd-entities-title\"><a href=\"https:\/\/myautoprestige.fr\/index.php\/produit\/audi-q5-55-tfsi-e-tron-quattro-sline\/\">AUDI Q5 55 TFSI E-tron Quattro SLine<\/a><\/h3>\t\t\t\t<div class=\"wd-product-cats\">\n\t\t\t<a href=\"https:\/\/myautoprestige.fr\/index.php\/categorie-produit\/accessories\/\" rel=\"tag\">Accessories<\/a>\t\t<\/div>\n\t\t\t\t<div class=\"product-rating-price\">\n\t\t\t<div class=\"wrapp-product-price\">\n\t\t\t\t\t\t\t\t\n\t<span class=\"price\"><span class=\"woocommerce-Price-amount amount\"><bdi>28 000,00&nbsp;<span class=\"woocommerce-Price-currencySymbol\">&euro;<\/span><\/bdi><\/span><\/span>\n\t\t\t<\/div>\n\t\t<\/div>\n\t\t<div class=\"fade-in-block\">\n\t\t\t<div class=\"hover-content wd-more-desc\">\n\t\t\t\t<div class=\"hover-content-inner wd-more-desc-inner\">\n\t\t\t\t\t<h3 id=\"audi-q5-55-tfsi-e-tron-quattro-s-line\">Audi Q5 55 TFSI E-tron Quattro S-Line<\/h3>\r\n<strong>\u00a0G\u00e9n\u00e9ralit\u00e9s :<\/strong>\r\n<ul>\r\n \t<li><strong>Marque :<\/strong>\u00a0Audi<\/li>\r\n \t<li><strong>Mod\u00e8le :<\/strong>\u00a0Q5 55 TFSI E-tron Quattro S-Line<\/li>\r\n \t<li><strong>Type de v\u00e9hicule :<\/strong>\u00a0Break<\/li>\r\n \t<li><strong>Date de mise en circulation :<\/strong>\u00a030 d\u00e9cembre 2020<\/li>\r\n \t<li><strong>Kilom\u00e9trage :<\/strong>\u00a0102 875 km<\/li>\r\n \t<li><strong>Puissance fiscale :<\/strong>\u00a015 cv<\/li>\r\n \t<li><strong>Motorisation :<\/strong>\u00a0Hybride essence \/ \u00e9lectricit\u00e9 (rechargeable)<\/li>\r\n<\/ul>\r\n<strong>\u00a0Moteur et Performance :<\/strong>\r\n<ul>\r\n \t<li><strong>Type de moteur :<\/strong>\u00a0Moteur essence associ\u00e9 \u00e0 un moteur \u00e9lectrique<\/li>\r\n \t<li><strong>Puissance combin\u00e9e :<\/strong>\u00a0Environ 367 ch<\/li>\r\n \t<li><strong>Transmission :<\/strong>\u00a0Bo\u00eete automatique avec transmission Quattro (traction int\u00e9grale)<\/li>\r\n<\/ul>\t\t\t\t<\/div>\n\t\t\t\t<a href=\"#\" rel=\"nofollow\" class=\"wd-more-desc-btn\" aria-label=\"Read more description\"><span><\/span><\/a>\n\t\t\t<\/div>\n\t\t\t<div class=\" wd-bottom-actions\">\n\t\t\t\t<div class=\"wrap-wishlist-button\">\t\t\t<div class=\"wd-wishlist-btn wd-action-btn wd-style-icon wd-wishlist-icon\">\n\t\t\t\t<a class=\"\" href=\"https:\/\/myautoprestige.fr\/index.php\/wishlist\/\" data-key=\"39c3796c60\" data-product-id=\"7660\" rel=\"nofollow\" data-added-text=\"Browse Wishlist\">\n\t\t\t\t\t<span>Add to wishlist<\/span>\n\t\t\t\t<\/a>\n\t\t\t<\/div>\n\t\t<\/div>\n\t\t\t\t<div class=\"wd-add-btn wd-add-btn-replace\">\n\t\t\t\t\t<a href=\"?add-to-cart=7660\" data-quantity=\"1\" class=\"button product_type_simple add_to_cart_button ajax_add_to_cart text_replaceable add-to-cart-loop\" data-product_id=\"7660\" data-product_sku=\"\" aria-label=\"Ajouter au panier\u00a0: &ldquo;AUDI Q5 55 TFSI E-tron Quattro SLine&rdquo;\" rel=\"nofollow\" data-success_message=\"\u00ab\u00a0AUDI Q5 55 TFSI E-tron Quattro SLine\u00a0\u00bb a \u00e9t\u00e9 ajout\u00e9 \u00e0 votre panier\"><span>Demander un devis<\/span><\/a>\t\t\t\t\t\t\t\t\t<\/div>\n\t\t\t\t<div class=\"wrap-quickview-button\">\t\t<div class=\"quick-view wd-action-btn wd-style-icon wd-quick-view-icon\">\n\t\t\t<a\n\t\t\t\thref=\"https:\/\/myautoprestige.fr\/index.php\/produit\/audi-q5-55-tfsi-e-tron-quattro-sline\/\"\n\t\t\t\tclass=\"open-quick-view quick-view-button\"\n\t\t\t\trel=\"nofollow\"\n\t\t\t\tdata-id=\"7660\">Quick view<\/a>\n\t\t<\/div>\n\t\t<\/div>\n\t\t\t<\/div>\n\n\n\t\t\t\t\t\t\n\t\t\t\t\t<\/div>\n\t<\/div>\n<\/div>\n<\/div>\n<div class=\"product-grid-item product product-no-swatches wd-hover-base wd-hover-with-fade  col-lg-3 col-md-3 col-6 type-product post-7390 status-publish last instock product_cat-accessories has-post-thumbnail shipping-taxable purchasable product-type-simple\" data-loop=\"3\" data-id=\"7390\">\n\t\n\t\n<div class=\"product-wrapper\">\n\t<div class=\"content-product-imagin\"><\/div>\n\t<div class=\"product-element-top wd-quick-shop\">\n\t\t<a href=\"https:\/\/myautoprestige.fr\/index.php\/produit\/camion-fg-daf-cf-430-fa-annee-2022\/\" class=\"product-image-link\">\n\t\t\t<img loading=\"lazy\" decoding=\"async\" width=\"430\" height=\"323\" src=\"https:\/\/myautoprestige.fr\/wp-content\/uploads\/2025\/06\/CAM-FG-DAF-CF-430-FA-430x323.webp\" class=\"attachment-woocommerce_thumbnail size-woocommerce_thumbnail\" alt=\"\" srcset=\"https:\/\/myautoprestige.fr\/wp-content\/uploads\/2025\/06\/CAM-FG-DAF-CF-430-FA-430x323.webp 430w, https:\/\/myautoprestige.fr\/wp-content\/uploads\/2025\/06\/CAM-FG-DAF-CF-430-FA-400x300.webp 400w, https:\/\/myautoprestige.fr\/wp-content\/uploads\/2025\/06\/CAM-FG-DAF-CF-430-FA-768x576.webp 768w, https:\/\/myautoprestige.fr\/wp-content\/uploads\/2025\/06\/CAM-FG-DAF-CF-430-FA-860x645.webp 860w, https:\/\/myautoprestige.fr\/wp-content\/uploads\/2025\/06\/CAM-FG-DAF-CF-430-FA-700x525.webp 700w, https:\/\/myautoprestige.fr\/wp-content\/uploads\/2025\/06\/CAM-FG-DAF-CF-430-FA-150x113.webp 150w, https:\/\/myautoprestige.fr\/wp-content\/uploads\/2025\/06\/CAM-FG-DAF-CF-430-FA.webp 1024w\" sizes=\"auto, (max-width: 430px) 100vw, 430px\" \/>\t\t<\/a>\n\t\t\t\t\t<div class=\"hover-img\">\n\t\t\t\t<a href=\"https:\/\/myautoprestige.fr\/index.php\/produit\/camion-fg-daf-cf-430-fa-annee-2022\/\">\n\t\t\t\t\t<img loading=\"lazy\" decoding=\"async\" width=\"430\" height=\"323\" src=\"https:\/\/myautoprestige.fr\/wp-content\/uploads\/2025\/06\/Sans-titre-15-430x323.webp\" class=\"attachment-woocommerce_thumbnail size-woocommerce_thumbnail\" alt=\"\" srcset=\"https:\/\/myautoprestige.fr\/wp-content\/uploads\/2025\/06\/Sans-titre-15-430x323.webp 430w, https:\/\/myautoprestige.fr\/wp-content\/uploads\/2025\/06\/Sans-titre-15-400x300.webp 400w, https:\/\/myautoprestige.fr\/wp-content\/uploads\/2025\/06\/Sans-titre-15-768x576.webp 768w, https:\/\/myautoprestige.fr\/wp-content\/uploads\/2025\/06\/Sans-titre-15-860x645.webp 860w, https:\/\/myautoprestige.fr\/wp-content\/uploads\/2025\/06\/Sans-titre-15-700x525.webp 700w, https:\/\/myautoprestige.fr\/wp-content\/uploads\/2025\/06\/Sans-titre-15-150x113.webp 150w, https:\/\/myautoprestige.fr\/wp-content\/uploads\/2025\/06\/Sans-titre-15.webp 1024w\" sizes=\"auto, (max-width: 430px) 100vw, 430px\" \/>\t\t\t\t<\/a>\n\t\t\t<\/div>\n\t\t\t\t\t<div class=\"wrapp-swatches\">\t\t\t<div class=\"wd-compare-btn product-compare-button wd-action-btn wd-style-icon wd-compare-icon\">\n\t\t\t\t<a href=\"https:\/\/myautoprestige.fr\/index.php\/compare\/\" data-id=\"7390\" rel=\"nofollow\" data-added-text=\"Compare products\">\n\t\t\t\t\t<span>Compare<\/span>\n\t\t\t\t<\/a>\n\t\t\t<\/div>\n\t\t<\/div>\n\t<\/div>\n\n\t<div class=\"product-element-bottom product-information\">\n\t\t<h3 class=\"wd-entities-title\"><a href=\"https:\/\/myautoprestige.fr\/index.php\/produit\/camion-fg-daf-cf-430-fa-annee-2022\/\">CAMION FG DAF CF 430 FA ANN\u00c9E 2022<\/a><\/h3>\t\t\t\t<div class=\"wd-product-cats\">\n\t\t\t<a href=\"https:\/\/myautoprestige.fr\/index.php\/categorie-produit\/accessories\/\" rel=\"tag\">Accessories<\/a>\t\t<\/div>\n\t\t\t\t<div class=\"product-rating-price\">\n\t\t\t<div class=\"wrapp-product-price\">\n\t\t\t\t\t\t\t\t\n\t<span class=\"price\"><span class=\"woocommerce-Price-amount amount\"><bdi>50 400,00&nbsp;<span class=\"woocommerce-Price-currencySymbol\">&euro;<\/span><\/bdi><\/span><\/span>\n\t\t\t<\/div>\n\t\t<\/div>\n\t\t<div class=\"fade-in-block\">\n\t\t\t<div class=\"hover-content wd-more-desc\">\n\t\t\t\t<div class=\"hover-content-inner wd-more-desc-inner\">\n\t\t\t\t\tCAMION FG DAF CF 430 FA\r\n\r\nPremi\u00e8re mise en circulation (06\/2022)\r\n\r\nKilom\u00e9trage 140 880\r\n\r\nCaisse CAPELLI Type FOURGON et hayon PALFINGER 2.55 x 11.93 m - S 30.42 m2\t\t\t\t<\/div>\n\t\t\t\t<a href=\"#\" rel=\"nofollow\" class=\"wd-more-desc-btn\" aria-label=\"Read more description\"><span><\/span><\/a>\n\t\t\t<\/div>\n\t\t\t<div class=\" wd-bottom-actions\">\n\t\t\t\t<div class=\"wrap-wishlist-button\">\t\t\t<div class=\"wd-wishlist-btn wd-action-btn wd-style-icon wd-wishlist-icon\">\n\t\t\t\t<a class=\"\" href=\"https:\/\/myautoprestige.fr\/index.php\/wishlist\/\" data-key=\"39c3796c60\" data-product-id=\"7390\" rel=\"nofollow\" data-added-text=\"Browse Wishlist\">\n\t\t\t\t\t<span>Add to wishlist<\/span>\n\t\t\t\t<\/a>\n\t\t\t<\/div>\n\t\t<\/div>\n\t\t\t\t<div class=\"wd-add-btn wd-add-btn-replace\">\n\t\t\t\t\t<a href=\"?add-to-cart=7390\" data-quantity=\"1\" class=\"button product_type_simple add_to_cart_button ajax_add_to_cart text_replaceable add-to-cart-loop\" data-product_id=\"7390\" data-product_sku=\"\" aria-label=\"Ajouter au panier\u00a0: &ldquo;CAMION FG DAF CF 430 FA ANN\u00c9E 2022&rdquo;\" rel=\"nofollow\" data-success_message=\"\u00ab\u00a0CAMION FG DAF CF 430 FA ANN\u00c9E 2022\u00a0\u00bb a \u00e9t\u00e9 ajout\u00e9 \u00e0 votre panier\"><span>Demander un devis<\/span><\/a>\t\t\t\t\t\t\t\t\t<\/div>\n\t\t\t\t<div class=\"wrap-quickview-button\">\t\t<div class=\"quick-view wd-action-btn wd-style-icon wd-quick-view-icon\">\n\t\t\t<a\n\t\t\t\thref=\"https:\/\/myautoprestige.fr\/index.php\/produit\/camion-fg-daf-cf-430-fa-annee-2022\/\"\n\t\t\t\tclass=\"open-quick-view quick-view-button\"\n\t\t\t\trel=\"nofollow\"\n\t\t\t\tdata-id=\"7390\">Quick view<\/a>\n\t\t<\/div>\n\t\t<\/div>\n\t\t\t<\/div>\n\n\n\t\t\t\t\t\t\n\t\t\t\t\t<\/div>\n\t<\/div>\n<\/div>\n<\/div>\n<div class=\"product-grid-item product product-no-swatches wd-hover-base wd-hover-with-fade  col-lg-3 col-md-3 col-6 last  type-product post-7296 status-publish first instock product_cat-accessories has-post-thumbnail shipping-taxable purchasable product-type-simple\" data-loop=\"4\" data-id=\"7296\">\n\t\n\t\n<div class=\"product-wrapper\">\n\t<div class=\"content-product-imagin\"><\/div>\n\t<div class=\"product-element-top wd-quick-shop\">\n\t\t<a href=\"https:\/\/myautoprestige.fr\/index.php\/produit\/camion-mercedes-frigo-carrier-multi-temperature-actros-1830-4x2\/\" class=\"product-image-link\">\n\t\t\t<img loading=\"lazy\" decoding=\"async\" width=\"430\" height=\"573\" src=\"https:\/\/myautoprestige.fr\/wp-content\/uploads\/2025\/05\/Camion-Mercedes-frigo-Carrier-multi-temperature-Actros-1830-4x2-1-430x573.webp\" class=\"attachment-woocommerce_thumbnail size-woocommerce_thumbnail\" alt=\"\" srcset=\"https:\/\/myautoprestige.fr\/wp-content\/uploads\/2025\/05\/Camion-Mercedes-frigo-Carrier-multi-temperature-Actros-1830-4x2-1-430x573.webp 430w, https:\/\/myautoprestige.fr\/wp-content\/uploads\/2025\/05\/Camion-Mercedes-frigo-Carrier-multi-temperature-Actros-1830-4x2-1-225x300.webp 225w, https:\/\/myautoprestige.fr\/wp-content\/uploads\/2025\/05\/Camion-Mercedes-frigo-Carrier-multi-temperature-Actros-1830-4x2-1-600x800.webp 600w, https:\/\/myautoprestige.fr\/wp-content\/uploads\/2025\/05\/Camion-Mercedes-frigo-Carrier-multi-temperature-Actros-1830-4x2-1-700x933.webp 700w, https:\/\/myautoprestige.fr\/wp-content\/uploads\/2025\/05\/Camion-Mercedes-frigo-Carrier-multi-temperature-Actros-1830-4x2-1-150x200.webp 150w, https:\/\/myautoprestige.fr\/wp-content\/uploads\/2025\/05\/Camion-Mercedes-frigo-Carrier-multi-temperature-Actros-1830-4x2-1.webp 768w\" sizes=\"auto, (max-width: 430px) 100vw, 430px\" \/>\t\t<\/a>\n\t\t\t\t\t<div class=\"hover-img\">\n\t\t\t\t<a href=\"https:\/\/myautoprestige.fr\/index.php\/produit\/camion-mercedes-frigo-carrier-multi-temperature-actros-1830-4x2\/\">\n\t\t\t\t\t<img loading=\"lazy\" decoding=\"async\" width=\"430\" height=\"573\" src=\"https:\/\/myautoprestige.fr\/wp-content\/uploads\/2025\/05\/Sans-titre-1-430x573.webp\" class=\"attachment-woocommerce_thumbnail size-woocommerce_thumbnail\" alt=\"\" srcset=\"https:\/\/myautoprestige.fr\/wp-content\/uploads\/2025\/05\/Sans-titre-1-430x573.webp 430w, https:\/\/myautoprestige.fr\/wp-content\/uploads\/2025\/05\/Sans-titre-1-225x300.webp 225w, https:\/\/myautoprestige.fr\/wp-content\/uploads\/2025\/05\/Sans-titre-1-600x800.webp 600w, https:\/\/myautoprestige.fr\/wp-content\/uploads\/2025\/05\/Sans-titre-1-700x933.webp 700w, https:\/\/myautoprestige.fr\/wp-content\/uploads\/2025\/05\/Sans-titre-1-150x200.webp 150w, https:\/\/myautoprestige.fr\/wp-content\/uploads\/2025\/05\/Sans-titre-1.webp 768w\" sizes=\"auto, (max-width: 430px) 100vw, 430px\" \/>\t\t\t\t<\/a>\n\t\t\t<\/div>\n\t\t\t\t\t<div class=\"wrapp-swatches\">\t\t\t<div class=\"wd-compare-btn product-compare-button wd-action-btn wd-style-icon wd-compare-icon\">\n\t\t\t\t<a href=\"https:\/\/myautoprestige.fr\/index.php\/compare\/\" data-id=\"7296\" rel=\"nofollow\" data-added-text=\"Compare products\">\n\t\t\t\t\t<span>Compare<\/span>\n\t\t\t\t<\/a>\n\t\t\t<\/div>\n\t\t<\/div>\n\t<\/div>\n\n\t<div class=\"product-element-bottom product-information\">\n\t\t<h3 class=\"wd-entities-title\"><a href=\"https:\/\/myautoprestige.fr\/index.php\/produit\/camion-mercedes-frigo-carrier-multi-temperature-actros-1830-4x2\/\">Camion Mercedes frigo Carrier multi temp\u00e9rature Actros 1830 4&#215;2<\/a><\/h3>\t\t\t\t<div class=\"wd-product-cats\">\n\t\t\t<a href=\"https:\/\/myautoprestige.fr\/index.php\/categorie-produit\/accessories\/\" rel=\"tag\">Accessories<\/a>\t\t<\/div>\n\t\t\t\t<div class=\"product-rating-price\">\n\t\t\t<div class=\"wrapp-product-price\">\n\t\t\t\t\t\t\t\t\n\t<span class=\"price\"><span class=\"woocommerce-Price-amount amount\"><bdi>85 000,00&nbsp;<span class=\"woocommerce-Price-currencySymbol\">&euro;<\/span><\/bdi><\/span><\/span>\n\t\t\t<\/div>\n\t\t<\/div>\n\t\t<div class=\"fade-in-block\">\n\t\t\t<div class=\"hover-content wd-more-desc\">\n\t\t\t\t<div class=\"hover-content-inner wd-more-desc-inner\">\n\t\t\t\t\tCarrosserie\u00a0 \u00a0Frigo\r\nMarque (carrosserie)\u00a0 \u00a0Carrier\r\nSous carrosserie\u00a0 Multi temp\u00e9rature\r\nMarque\u00a0 \u00a0Mercedes\r\nGamme (marque : Mercedes)\u00a0 \u00a0Actros\r\nMod\u00e8le\u00a0 \u00a01830\r\nEtat\u00a0 \u00a0Occasion\r\nDate de 1ere immatriculation\u00a0 \u00a0 26\/04\/2021\r\nKilom\u00e8tres au compteur\u00a0 \u00a094 034 km\r\nPays\u00a0 \u00a0FRANCE\t\t\t\t<\/div>\n\t\t\t\t<a href=\"#\" rel=\"nofollow\" class=\"wd-more-desc-btn\" aria-label=\"Read more description\"><span><\/span><\/a>\n\t\t\t<\/div>\n\t\t\t<div class=\" wd-bottom-actions\">\n\t\t\t\t<div class=\"wrap-wishlist-button\">\t\t\t<div class=\"wd-wishlist-btn wd-action-btn wd-style-icon wd-wishlist-icon\">\n\t\t\t\t<a class=\"\" href=\"https:\/\/myautoprestige.fr\/index.php\/wishlist\/\" data-key=\"39c3796c60\" data-product-id=\"7296\" rel=\"nofollow\" data-added-text=\"Browse Wishlist\">\n\t\t\t\t\t<span>Add to wishlist<\/span>\n\t\t\t\t<\/a>\n\t\t\t<\/div>\n\t\t<\/div>\n\t\t\t\t<div class=\"wd-add-btn wd-add-btn-replace\">\n\t\t\t\t\t<a href=\"?add-to-cart=7296\" data-quantity=\"1\" class=\"button product_type_simple add_to_cart_button ajax_add_to_cart text_replaceable add-to-cart-loop\" data-product_id=\"7296\" data-product_sku=\"\" aria-label=\"Ajouter au panier\u00a0: &ldquo;Camion Mercedes frigo Carrier multi temp\u00e9rature Actros 1830 4x2&rdquo;\" rel=\"nofollow\" data-success_message=\"\u00ab\u00a0Camion Mercedes frigo Carrier multi temp\u00e9rature Actros 1830 4x2\u00a0\u00bb a \u00e9t\u00e9 ajout\u00e9 \u00e0 votre panier\"><span>Demander un devis<\/span><\/a>\t\t\t\t\t\t\t\t\t<\/div>\n\t\t\t\t<div class=\"wrap-quickview-button\">\t\t<div class=\"quick-view wd-action-btn wd-style-icon wd-quick-view-icon\">\n\t\t\t<a\n\t\t\t\thref=\"https:\/\/myautoprestige.fr\/index.php\/produit\/camion-mercedes-frigo-carrier-multi-temperature-actros-1830-4x2\/\"\n\t\t\t\tclass=\"open-quick-view quick-view-button\"\n\t\t\t\trel=\"nofollow\"\n\t\t\t\tdata-id=\"7296\">Quick view<\/a>\n\t\t<\/div>\n\t\t<\/div>\n\t\t\t<\/div>\n\n\n\t\t\t\t\t\t\n\t\t\t\t\t<\/div>\n\t<\/div>\n<\/div>\n<\/div>\n<div class=\"product-grid-item product product-no-swatches wd-hover-base wd-hover-with-fade  col-lg-3 col-md-3 col-6 first  type-product post-7684 status-publish instock product_cat-accessories has-post-thumbnail shipping-taxable purchasable product-type-simple\" data-loop=\"5\" data-id=\"7684\">\n\t\n\t\n<div class=\"product-wrapper\">\n\t<div class=\"content-product-imagin\"><\/div>\n\t<div class=\"product-element-top wd-quick-shop\">\n\t\t<a href=\"https:\/\/myautoprestige.fr\/index.php\/produit\/citroen-ds-23-ie-pallas-1973\/\" class=\"product-image-link\">\n\t\t\t<img loading=\"lazy\" decoding=\"async\" width=\"430\" height=\"286\" src=\"https:\/\/myautoprestige.fr\/wp-content\/uploads\/2025\/10\/7-CITROEN-DS-23-IE-Pallas-1973-430x286.webp\" class=\"attachment-woocommerce_thumbnail size-woocommerce_thumbnail\" alt=\"\" srcset=\"https:\/\/myautoprestige.fr\/wp-content\/uploads\/2025\/10\/7-CITROEN-DS-23-IE-Pallas-1973-430x286.webp 430w, https:\/\/myautoprestige.fr\/wp-content\/uploads\/2025\/10\/7-CITROEN-DS-23-IE-Pallas-1973-400x266.webp 400w, https:\/\/myautoprestige.fr\/wp-content\/uploads\/2025\/10\/7-CITROEN-DS-23-IE-Pallas-1973-768x510.webp 768w, https:\/\/myautoprestige.fr\/wp-content\/uploads\/2025\/10\/7-CITROEN-DS-23-IE-Pallas-1973-860x571.webp 860w, https:\/\/myautoprestige.fr\/wp-content\/uploads\/2025\/10\/7-CITROEN-DS-23-IE-Pallas-1973-700x465.webp 700w, https:\/\/myautoprestige.fr\/wp-content\/uploads\/2025\/10\/7-CITROEN-DS-23-IE-Pallas-1973-150x100.webp 150w, https:\/\/myautoprestige.fr\/wp-content\/uploads\/2025\/10\/7-CITROEN-DS-23-IE-Pallas-1973.webp 1024w\" sizes=\"auto, (max-width: 430px) 100vw, 430px\" \/>\t\t<\/a>\n\t\t\t\t\t<div class=\"hover-img\">\n\t\t\t\t<a href=\"https:\/\/myautoprestige.fr\/index.php\/produit\/citroen-ds-23-ie-pallas-1973\/\">\n\t\t\t\t\t<img loading=\"lazy\" decoding=\"async\" width=\"430\" height=\"263\" src=\"https:\/\/myautoprestige.fr\/wp-content\/uploads\/2025\/10\/2-CITROEN-DS-23-IE-Pallas-1973-430x263.webp\" class=\"attachment-woocommerce_thumbnail size-woocommerce_thumbnail\" alt=\"\" srcset=\"https:\/\/myautoprestige.fr\/wp-content\/uploads\/2025\/10\/2-CITROEN-DS-23-IE-Pallas-1973-430x263.webp 430w, https:\/\/myautoprestige.fr\/wp-content\/uploads\/2025\/10\/2-CITROEN-DS-23-IE-Pallas-1973-400x244.webp 400w, https:\/\/myautoprestige.fr\/wp-content\/uploads\/2025\/10\/2-CITROEN-DS-23-IE-Pallas-1973-768x469.webp 768w, https:\/\/myautoprestige.fr\/wp-content\/uploads\/2025\/10\/2-CITROEN-DS-23-IE-Pallas-1973-700x427.webp 700w, https:\/\/myautoprestige.fr\/wp-content\/uploads\/2025\/10\/2-CITROEN-DS-23-IE-Pallas-1973-150x92.webp 150w, https:\/\/myautoprestige.fr\/wp-content\/uploads\/2025\/10\/2-CITROEN-DS-23-IE-Pallas-1973.webp 786w\" sizes=\"auto, (max-width: 430px) 100vw, 430px\" \/>\t\t\t\t<\/a>\n\t\t\t<\/div>\n\t\t\t\t\t<div class=\"wrapp-swatches\">\t\t\t<div class=\"wd-compare-btn product-compare-button wd-action-btn wd-style-icon wd-compare-icon\">\n\t\t\t\t<a href=\"https:\/\/myautoprestige.fr\/index.php\/compare\/\" data-id=\"7684\" rel=\"nofollow\" data-added-text=\"Compare products\">\n\t\t\t\t\t<span>Compare<\/span>\n\t\t\t\t<\/a>\n\t\t\t<\/div>\n\t\t<\/div>\n\t<\/div>\n\n\t<div class=\"product-element-bottom product-information\">\n\t\t<h3 class=\"wd-entities-title\"><a href=\"https:\/\/myautoprestige.fr\/index.php\/produit\/citroen-ds-23-ie-pallas-1973\/\">CITRO\u00cbN DS 23 IE Pallas 1973<\/a><\/h3>\t\t\t\t<div class=\"wd-product-cats\">\n\t\t\t<a href=\"https:\/\/myautoprestige.fr\/index.php\/categorie-produit\/accessories\/\" rel=\"tag\">Accessories<\/a>\t\t<\/div>\n\t\t\t\t<div class=\"product-rating-price\">\n\t\t\t<div class=\"wrapp-product-price\">\n\t\t\t\t\t\t\t\t\n\t<span class=\"price\"><span class=\"woocommerce-Price-amount amount\"><bdi>18 000,00&nbsp;<span class=\"woocommerce-Price-currencySymbol\">&euro;<\/span><\/bdi><\/span><\/span>\n\t\t\t<\/div>\n\t\t<\/div>\n\t\t<div class=\"fade-in-block\">\n\t\t\t<div class=\"hover-content wd-more-desc\">\n\t\t\t\t<div class=\"hover-content-inner wd-more-desc-inner\">\n\t\t\t\t\tColoris : Brun Scarab\u00e9e, un coloris \u00e9l\u00e9gant qui fait ressortir les lignes fluides et iconiques de la voiture.\r\nCarrosserie : En \u00e9tat satisfaisant, avec quelques r\u00e9centes retouches de peinture, refl\u00e9tant un soin apport\u00e9 \u00e0 l'entretien.\r\nChromes : En bon \u00e9tat, ajoutant une touche de luxe \u00e0 l\u2019ensemble.\r\nInt\u00e9rieur :\r\n\r\nSellerie : Int\u00e9rieur en cuir marron, en \u00e9tat correct, offrant confort et raffinement.\r\nMoquettes : Nouvelles, contribuant \u00e0 une ambiance int\u00e9rieure agr\u00e9able.\r\nAccoudoir central avant : Pr\u00e9sent, ajoutant au confort des passagers avant.\r\n\u00c9quipements et entretien :\r\n\r\n\u00c9chappement : Ligne d\u2019\u00e9chappement neuve, garantissant une performance optimale.\r\nBatterie : Remplac\u00e9e r\u00e9cemment, assurant un d\u00e9marrage sans probl\u00e8me.\r\nKilom\u00e9trage : Compteur affichant 27 000 km, ce qui est relativement bas pour une voiture de cet \u00e2ge.\r\n\r\nLa CITRO\u00cbN DS 23 IE Pallas de 1973 est une automobile qui incarne l'excellence et le luxe de son \u00e9poque. Avec ses caract\u00e9ristiques uniques, son design \u00e9l\u00e9gant et son histoire riche, elle est une pi\u00e8ce de collection recherch\u00e9e par les amateurs d'automobiles classiques. Cette voiture ne se contente pas d\u2019\u00eatre un moyen de transport, elle est un symbole d\u2019une \u00e9poque r\u00e9volue et un incontournable de l'histoire automobile fran\u00e7aise.\t\t\t\t<\/div>\n\t\t\t\t<a href=\"#\" rel=\"nofollow\" class=\"wd-more-desc-btn\" aria-label=\"Read more description\"><span><\/span><\/a>\n\t\t\t<\/div>\n\t\t\t<div class=\" wd-bottom-actions\">\n\t\t\t\t<div class=\"wrap-wishlist-button\">\t\t\t<div class=\"wd-wishlist-btn wd-action-btn wd-style-icon wd-wishlist-icon\">\n\t\t\t\t<a class=\"\" href=\"https:\/\/myautoprestige.fr\/index.php\/wishlist\/\" data-key=\"39c3796c60\" data-product-id=\"7684\" rel=\"nofollow\" data-added-text=\"Browse Wishlist\">\n\t\t\t\t\t<span>Add to wishlist<\/span>\n\t\t\t\t<\/a>\n\t\t\t<\/div>\n\t\t<\/div>\n\t\t\t\t<div class=\"wd-add-btn wd-add-btn-replace\">\n\t\t\t\t\t<a href=\"?add-to-cart=7684\" data-quantity=\"1\" class=\"button product_type_simple add_to_cart_button ajax_add_to_cart text_replaceable add-to-cart-loop\" data-product_id=\"7684\" data-product_sku=\"\" aria-label=\"Ajouter au panier\u00a0: &ldquo;CITRO\u00cbN DS 23 IE Pallas 1973&rdquo;\" rel=\"nofollow\" data-success_message=\"\u00ab\u00a0CITRO\u00cbN DS 23 IE Pallas 1973\u00a0\u00bb a \u00e9t\u00e9 ajout\u00e9 \u00e0 votre panier\"><span>Demander un devis<\/span><\/a>\t\t\t\t\t\t\t\t\t<\/div>\n\t\t\t\t<div class=\"wrap-quickview-button\">\t\t<div class=\"quick-view wd-action-btn wd-style-icon wd-quick-view-icon\">\n\t\t\t<a\n\t\t\t\thref=\"https:\/\/myautoprestige.fr\/index.php\/produit\/citroen-ds-23-ie-pallas-1973\/\"\n\t\t\t\tclass=\"open-quick-view quick-view-button\"\n\t\t\t\trel=\"nofollow\"\n\t\t\t\tdata-id=\"7684\">Quick view<\/a>\n\t\t<\/div>\n\t\t<\/div>\n\t\t\t<\/div>\n\n\n\t\t\t\t\t\t\n\t\t\t\t\t<\/div>\n\t<\/div>\n<\/div>\n<\/div>\n<div class=\"product-grid-item product product-no-swatches wd-hover-base wd-hover-with-fade  col-lg-3 col-md-3 col-6 type-product post-7250 status-publish instock product_cat-accessories has-post-thumbnail shipping-taxable purchasable product-type-simple\" data-loop=\"6\" data-id=\"7250\">\n\t\n\t\n<div class=\"product-wrapper\">\n\t<div class=\"content-product-imagin\"><\/div>\n\t<div class=\"product-element-top wd-quick-shop\">\n\t\t<a href=\"https:\/\/myautoprestige.fr\/index.php\/produit\/citroen-jumpy-fourgon-1-6-bluehdi\/\" class=\"product-image-link\">\n\t\t\t<img loading=\"lazy\" decoding=\"async\" width=\"430\" height=\"286\" src=\"https:\/\/myautoprestige.fr\/wp-content\/uploads\/2025\/05\/CITROEN-JUMPY-FOURGON-1.6-BLUEHDI-430x286.webp\" class=\"attachment-woocommerce_thumbnail size-woocommerce_thumbnail\" alt=\"\" srcset=\"https:\/\/myautoprestige.fr\/wp-content\/uploads\/2025\/05\/CITROEN-JUMPY-FOURGON-1.6-BLUEHDI-430x286.webp 430w, https:\/\/myautoprestige.fr\/wp-content\/uploads\/2025\/05\/CITROEN-JUMPY-FOURGON-1.6-BLUEHDI-400x267.webp 400w, https:\/\/myautoprestige.fr\/wp-content\/uploads\/2025\/05\/CITROEN-JUMPY-FOURGON-1.6-BLUEHDI-768x512.webp 768w, https:\/\/myautoprestige.fr\/wp-content\/uploads\/2025\/05\/CITROEN-JUMPY-FOURGON-1.6-BLUEHDI-700x466.webp 700w, https:\/\/myautoprestige.fr\/wp-content\/uploads\/2025\/05\/CITROEN-JUMPY-FOURGON-1.6-BLUEHDI-150x100.webp 150w, https:\/\/myautoprestige.fr\/wp-content\/uploads\/2025\/05\/CITROEN-JUMPY-FOURGON-1.6-BLUEHDI.webp 800w\" sizes=\"auto, (max-width: 430px) 100vw, 430px\" \/>\t\t<\/a>\n\t\t\t\t\t<div class=\"hover-img\">\n\t\t\t\t<a href=\"https:\/\/myautoprestige.fr\/index.php\/produit\/citroen-jumpy-fourgon-1-6-bluehdi\/\">\n\t\t\t\t\t<img loading=\"lazy\" decoding=\"async\" width=\"430\" height=\"286\" src=\"https:\/\/myautoprestige.fr\/wp-content\/uploads\/2025\/05\/Sans-titre-45-430x286.webp\" class=\"attachment-woocommerce_thumbnail size-woocommerce_thumbnail\" alt=\"\" srcset=\"https:\/\/myautoprestige.fr\/wp-content\/uploads\/2025\/05\/Sans-titre-45-430x286.webp 430w, https:\/\/myautoprestige.fr\/wp-content\/uploads\/2025\/05\/Sans-titre-45-400x267.webp 400w, https:\/\/myautoprestige.fr\/wp-content\/uploads\/2025\/05\/Sans-titre-45-768x512.webp 768w, https:\/\/myautoprestige.fr\/wp-content\/uploads\/2025\/05\/Sans-titre-45-700x466.webp 700w, https:\/\/myautoprestige.fr\/wp-content\/uploads\/2025\/05\/Sans-titre-45-150x100.webp 150w, https:\/\/myautoprestige.fr\/wp-content\/uploads\/2025\/05\/Sans-titre-45.webp 800w\" sizes=\"auto, (max-width: 430px) 100vw, 430px\" \/>\t\t\t\t<\/a>\n\t\t\t<\/div>\n\t\t\t\t\t<div class=\"wrapp-swatches\">\t\t\t<div class=\"wd-compare-btn product-compare-button wd-action-btn wd-style-icon wd-compare-icon\">\n\t\t\t\t<a href=\"https:\/\/myautoprestige.fr\/index.php\/compare\/\" data-id=\"7250\" rel=\"nofollow\" data-added-text=\"Compare products\">\n\t\t\t\t\t<span>Compare<\/span>\n\t\t\t\t<\/a>\n\t\t\t<\/div>\n\t\t<\/div>\n\t<\/div>\n\n\t<div class=\"product-element-bottom product-information\">\n\t\t<h3 class=\"wd-entities-title\"><a href=\"https:\/\/myautoprestige.fr\/index.php\/produit\/citroen-jumpy-fourgon-1-6-bluehdi\/\">CITROEN JUMPY FOURGON 1.6 BLUEHDI<\/a><\/h3>\t\t\t\t<div class=\"wd-product-cats\">\n\t\t\t<a href=\"https:\/\/myautoprestige.fr\/index.php\/categorie-produit\/accessories\/\" rel=\"tag\">Accessories<\/a>\t\t<\/div>\n\t\t\t\t<div class=\"product-rating-price\">\n\t\t\t<div class=\"wrapp-product-price\">\n\t\t\t\t\t\t\t\t\n\t<span class=\"price\"><span class=\"woocommerce-Price-amount amount\"><bdi>18 000,00&nbsp;<span class=\"woocommerce-Price-currencySymbol\">&euro;<\/span><\/bdi><\/span><\/span>\n\t\t\t<\/div>\n\t\t<\/div>\n\t\t<div class=\"fade-in-block\">\n\t\t\t<div class=\"hover-content wd-more-desc\">\n\t\t\t\t<div class=\"hover-content-inner wd-more-desc-inner\">\n\t\t\t\t\t<strong>CITROEN JUMPY FOURGON 1.6 BLUEHDI 95 XL L3 DBL CAB BUSINESS<\/strong>\r\n<strong>Energie\u00a0 Diesel<\/strong>\r\n<strong>Puissance commerciale 95 ch<\/strong>\r\n<strong>Puissance fiscale\u00a0 5 CV<\/strong>\r\n<strong>Consommation mixte\u00a0 5,5 L\/100 Km<\/strong>\r\n<strong>Emission de CO2\u00a0 144 g\/km<\/strong>\r\n<strong>Bo\u00eete de vitesses\u00a0 Manuelle<\/strong>\r\n<strong>Carrosserie\u00a0 Fourgon<\/strong>\r\n<strong>Date de premi\u00e8re mise en circulation\u00a008\/02\/2018<\/strong>\t\t\t\t<\/div>\n\t\t\t\t<a href=\"#\" rel=\"nofollow\" class=\"wd-more-desc-btn\" aria-label=\"Read more description\"><span><\/span><\/a>\n\t\t\t<\/div>\n\t\t\t<div class=\" wd-bottom-actions\">\n\t\t\t\t<div class=\"wrap-wishlist-button\">\t\t\t<div class=\"wd-wishlist-btn wd-action-btn wd-style-icon wd-wishlist-icon\">\n\t\t\t\t<a class=\"\" href=\"https:\/\/myautoprestige.fr\/index.php\/wishlist\/\" data-key=\"39c3796c60\" data-product-id=\"7250\" rel=\"nofollow\" data-added-text=\"Browse Wishlist\">\n\t\t\t\t\t<span>Add to wishlist<\/span>\n\t\t\t\t<\/a>\n\t\t\t<\/div>\n\t\t<\/div>\n\t\t\t\t<div class=\"wd-add-btn wd-add-btn-replace\">\n\t\t\t\t\t<a href=\"?add-to-cart=7250\" data-quantity=\"1\" class=\"button product_type_simple add_to_cart_button ajax_add_to_cart text_replaceable add-to-cart-loop\" data-product_id=\"7250\" data-product_sku=\"\" aria-label=\"Ajouter au panier\u00a0: &ldquo;CITROEN JUMPY FOURGON 1.6 BLUEHDI&rdquo;\" rel=\"nofollow\" data-success_message=\"\u00ab\u00a0CITROEN JUMPY FOURGON 1.6 BLUEHDI\u00a0\u00bb a \u00e9t\u00e9 ajout\u00e9 \u00e0 votre panier\"><span>Demander un devis<\/span><\/a>\t\t\t\t\t\t\t\t\t<\/div>\n\t\t\t\t<div class=\"wrap-quickview-button\">\t\t<div class=\"quick-view wd-action-btn wd-style-icon wd-quick-view-icon\">\n\t\t\t<a\n\t\t\t\thref=\"https:\/\/myautoprestige.fr\/index.php\/produit\/citroen-jumpy-fourgon-1-6-bluehdi\/\"\n\t\t\t\tclass=\"open-quick-view quick-view-button\"\n\t\t\t\trel=\"nofollow\"\n\t\t\t\tdata-id=\"7250\">Quick view<\/a>\n\t\t<\/div>\n\t\t<\/div>\n\t\t\t<\/div>\n\n\n\t\t\t\t\t\t\n\t\t\t\t\t<\/div>\n\t<\/div>\n<\/div>\n<\/div>\n<div class=\"product-grid-item product product-no-swatches wd-hover-base wd-hover-with-fade  col-lg-3 col-md-3 col-6 type-product post-7645 status-publish last instock product_cat-accessories has-post-thumbnail shipping-taxable purchasable product-type-simple\" data-loop=\"7\" data-id=\"7645\">\n\t\n\t\n<div class=\"product-wrapper\">\n\t<div class=\"content-product-imagin\"><\/div>\n\t<div class=\"product-element-top wd-quick-shop\">\n\t\t<a href=\"https:\/\/myautoprestige.fr\/index.php\/produit\/fendt-514-vario-power\/\" class=\"product-image-link\">\n\t\t\t<img loading=\"lazy\" decoding=\"async\" width=\"430\" height=\"322\" src=\"https:\/\/myautoprestige.fr\/wp-content\/uploads\/2025\/10\/Sans-titre-1-1-430x322.jpg\" class=\"attachment-woocommerce_thumbnail size-woocommerce_thumbnail\" alt=\"\" srcset=\"https:\/\/myautoprestige.fr\/wp-content\/uploads\/2025\/10\/Sans-titre-1-1-430x322.jpg 430w, https:\/\/myautoprestige.fr\/wp-content\/uploads\/2025\/10\/Sans-titre-1-1-400x300.jpg 400w, https:\/\/myautoprestige.fr\/wp-content\/uploads\/2025\/10\/Sans-titre-1-1-768x576.jpg 768w, https:\/\/myautoprestige.fr\/wp-content\/uploads\/2025\/10\/Sans-titre-1-1-860x645.jpg 860w, https:\/\/myautoprestige.fr\/wp-content\/uploads\/2025\/10\/Sans-titre-1-1-700x525.jpg 700w, https:\/\/myautoprestige.fr\/wp-content\/uploads\/2025\/10\/Sans-titre-1-1-150x112.jpg 150w, https:\/\/myautoprestige.fr\/wp-content\/uploads\/2025\/10\/Sans-titre-1-1.jpg 1067w\" sizes=\"auto, (max-width: 430px) 100vw, 430px\" \/>\t\t<\/a>\n\t\t\t\t\t<div class=\"hover-img\">\n\t\t\t\t<a href=\"https:\/\/myautoprestige.fr\/index.php\/produit\/fendt-514-vario-power\/\">\n\t\t\t\t\t<img loading=\"lazy\" decoding=\"async\" width=\"430\" height=\"322\" src=\"https:\/\/myautoprestige.fr\/wp-content\/uploads\/2025\/10\/Sans-titre-1-1-430x322.jpg\" class=\"attachment-woocommerce_thumbnail size-woocommerce_thumbnail\" alt=\"\" srcset=\"https:\/\/myautoprestige.fr\/wp-content\/uploads\/2025\/10\/Sans-titre-1-1-430x322.jpg 430w, https:\/\/myautoprestige.fr\/wp-content\/uploads\/2025\/10\/Sans-titre-1-1-400x300.jpg 400w, https:\/\/myautoprestige.fr\/wp-content\/uploads\/2025\/10\/Sans-titre-1-1-768x576.jpg 768w, https:\/\/myautoprestige.fr\/wp-content\/uploads\/2025\/10\/Sans-titre-1-1-860x645.jpg 860w, https:\/\/myautoprestige.fr\/wp-content\/uploads\/2025\/10\/Sans-titre-1-1-700x525.jpg 700w, https:\/\/myautoprestige.fr\/wp-content\/uploads\/2025\/10\/Sans-titre-1-1-150x112.jpg 150w, https:\/\/myautoprestige.fr\/wp-content\/uploads\/2025\/10\/Sans-titre-1-1.jpg 1067w\" sizes=\"auto, (max-width: 430px) 100vw, 430px\" \/>\t\t\t\t<\/a>\n\t\t\t<\/div>\n\t\t\t\t\t<div class=\"wrapp-swatches\">\t\t\t<div class=\"wd-compare-btn product-compare-button wd-action-btn wd-style-icon wd-compare-icon\">\n\t\t\t\t<a href=\"https:\/\/myautoprestige.fr\/index.php\/compare\/\" data-id=\"7645\" rel=\"nofollow\" data-added-text=\"Compare products\">\n\t\t\t\t\t<span>Compare<\/span>\n\t\t\t\t<\/a>\n\t\t\t<\/div>\n\t\t<\/div>\n\t<\/div>\n\n\t<div class=\"product-element-bottom product-information\">\n\t\t<h3 class=\"wd-entities-title\"><a href=\"https:\/\/myautoprestige.fr\/index.php\/produit\/fendt-514-vario-power\/\">Fendt 514 VARIO POWER<\/a><\/h3>\t\t\t\t<div class=\"wd-product-cats\">\n\t\t\t<a href=\"https:\/\/myautoprestige.fr\/index.php\/categorie-produit\/accessories\/\" rel=\"tag\">Accessories<\/a>\t\t<\/div>\n\t\t\t\t<div class=\"product-rating-price\">\n\t\t\t<div class=\"wrapp-product-price\">\n\t\t\t\t\t\t\t\t\n\t<span class=\"price\"><span class=\"woocommerce-Price-amount amount\"><bdi>75 000,00&nbsp;<span class=\"woocommerce-Price-currencySymbol\">&euro;<\/span><\/bdi><\/span><\/span>\n\t\t\t<\/div>\n\t\t<\/div>\n\t\t<div class=\"fade-in-block\">\n\t\t\t<div class=\"hover-content wd-more-desc\">\n\t\t\t\t<div class=\"hover-content-inner wd-more-desc-inner\">\n\t\t\t\t\t<h3 id=\"fendt-514-vario-power-2017\">Fendt 514 VARIO POWER 2017<\/h3>\r\n<strong>\u00a0G\u00e9n\u00e9ralit\u00e9s :<\/strong>\r\n<ul>\r\n \t<li><strong>Marque :<\/strong>\u00a0Fendt<\/li>\r\n \t<li><strong>Mod\u00e8le :<\/strong>\u00a0514 VARIO POWER<\/li>\r\n \t<li><strong>Ann\u00e9e :<\/strong>\u00a02017<\/li>\r\n \t<li><strong>Type de v\u00e9hicule :<\/strong>\u00a0Tracteur agricole<\/li>\r\n<\/ul>\r\n<strong>Moteur :<\/strong>\r\n<ul>\r\n \t<li><strong>Type de moteur :<\/strong>\u00a0Diesel<\/li>\r\n \t<li><strong>Cylindr\u00e9e :<\/strong>\u00a0Environ 4,0 L<\/li>\r\n \t<li><strong>Puissance :<\/strong>\u00a0Environ 143 ch (105 kW) \u00e0 1 500 tr\/min<\/li>\r\n \t<li><strong>Norme d'\u00e9mission :<\/strong>\u00a0Conforme aux normes Tier 4 final<\/li>\r\n \t<li><strong>Syst\u00e8me d'injection :<\/strong>\u00a0Common rail<\/li>\r\n<\/ul>\r\n<strong>\u00a0Transmission :<\/strong>\r\n<ul>\r\n \t<li><strong>Type de transmission :<\/strong>\u00a0VARIO (automatique)<\/li>\r\n \t<li><strong>Plage de vitesses :<\/strong>\u00a00 \u00e0 60 km\/h<\/li>\r\n \t<li><strong>Gestion de la transmission :<\/strong>\u00a0Adapt\u00e9e \u00e0 la charge et aux conditions de travail<\/li>\r\n<\/ul>\r\n<strong>\u00a0Performances :<\/strong>\r\n<ul>\r\n \t<li><strong>Couple :<\/strong>\u00a0Environ 550 Nm \u00e0 1 300 tr\/min<\/li>\r\n \t<li><strong>Capacit\u00e9 de traction :<\/strong>\u00a0Optimis\u00e9e pour des travaux dans des conditions difficiles<\/li>\r\n<\/ul>\r\n<strong>\u00a0Dimensions :<\/strong>\r\n<ul>\r\n \t<li><strong>Longueur :<\/strong>\u00a0Environ 4 520 mm<\/li>\r\n \t<li><strong>Largeur :<\/strong>\u00a0Environ 2 250 mm<\/li>\r\n \t<li><strong>Hauteur :<\/strong>\u00a0Environ 2 880 mm (selon configuration)<\/li>\r\n \t<li><strong>Empattement :<\/strong>\u00a0Environ 2 570 mm<\/li>\r\n \t<li><strong>Poids :<\/strong>\u00a0Environ 5 500 kg (selon configuration)<\/li>\r\n<\/ul>\r\n<strong>\u00a0\u00c9quipement :<\/strong>\r\n<ul>\r\n \t<li><strong>Cabine :<\/strong>\u00a0Cabine spacieuse et confortable avec excellente visibilit\u00e9<\/li>\r\n \t<li><strong>Commandes :<\/strong>\u00a0\u00c9cran tactile et commandes ergonomiques<\/li>\r\n \t<li><strong>Climatisation :<\/strong>\u00a0Climatisation automatique pour un confort accru<\/li>\r\n \t<li><strong>Syst\u00e8me audio :<\/strong>\u00a0Radio avec connectivit\u00e9 Bluetooth<\/li>\r\n<\/ul>\r\n<strong>\u00a0Hydraulique :<\/strong>\r\n<ul>\r\n \t<li><strong>Syst\u00e8me hydraulique :<\/strong>\u00a0\u00c0 commande \u00e9lectronique avec plusieurs distributeurs<\/li>\r\n \t<li><strong>D\u00e9bit hydraulique :<\/strong>\u00a0Environ 100 l\/min (selon configuration)<\/li>\r\n \t<li><strong>Capacit\u00e9 de levage arri\u00e8re :<\/strong>\u00a0Environ 5 500 kg<\/li>\r\n<\/ul>\r\n<strong>\u00a0Prise de force (PDF) :<\/strong>\r\n<ul>\r\n \t<li><strong>Type :<\/strong>\u00a0540\/540E\/1000 tr\/min<\/li>\r\n \t<li><strong>Activation :<\/strong>\u00a0\u00c9lectronique avec gestion automatique<\/li>\r\n<\/ul>\r\n<strong>\u00a0Roues et ch\u00e2ssis :<\/strong>\r\n<ul>\r\n \t<li><strong>Taille des pneus :<\/strong>\u00a0Vari\u00e9t\u00e9 de tailles disponibles selon l'utilisation<\/li>\r\n \t<li><strong>Ch\u00e2ssis :<\/strong>\u00a0Construction robuste pour une durabilit\u00e9 accrue<\/li>\r\n<\/ul>\r\n<strong>\u00a0Autres caract\u00e9ristiques :<\/strong>\r\n<ul>\r\n \t<li><strong>Technologies :<\/strong>\u00a0Syst\u00e8me de gestion de machine FendtONE pour la connectivit\u00e9 et la gestion des donn\u00e9es<\/li>\r\n \t<li><strong>Options :<\/strong>\u00a0Diff\u00e9rentes configurations disponibles (syst\u00e8me de guidage, \u00e9quipement de travail, etc.)<\/li>\r\n<\/ul>\r\nLe Fendt 514 VARIO POWER 2017 est reconnu pour sa puissance, son efficacit\u00e9 et sa polyvalence, ce qui en fait un excellent choix pour les agriculteurs cherchant \u00e0 optimiser leur productivit\u00e9 tout en garantissant un confort maximal lors de l'utilisation. Si vous avez besoin d'informations suppl\u00e9mentaires, n'h\u00e9sitez pas \u00e0 demander !\t\t\t\t<\/div>\n\t\t\t\t<a href=\"#\" rel=\"nofollow\" class=\"wd-more-desc-btn\" aria-label=\"Read more description\"><span><\/span><\/a>\n\t\t\t<\/div>\n\t\t\t<div class=\" wd-bottom-actions\">\n\t\t\t\t<div class=\"wrap-wishlist-button\">\t\t\t<div class=\"wd-wishlist-btn wd-action-btn wd-style-icon wd-wishlist-icon\">\n\t\t\t\t<a class=\"\" href=\"https:\/\/myautoprestige.fr\/index.php\/wishlist\/\" data-key=\"39c3796c60\" data-product-id=\"7645\" rel=\"nofollow\" data-added-text=\"Browse Wishlist\">\n\t\t\t\t\t<span>Add to wishlist<\/span>\n\t\t\t\t<\/a>\n\t\t\t<\/div>\n\t\t<\/div>\n\t\t\t\t<div class=\"wd-add-btn wd-add-btn-replace\">\n\t\t\t\t\t<a href=\"?add-to-cart=7645\" data-quantity=\"1\" class=\"button product_type_simple add_to_cart_button ajax_add_to_cart text_replaceable add-to-cart-loop\" data-product_id=\"7645\" data-product_sku=\"\" aria-label=\"Ajouter au panier\u00a0: &ldquo;Fendt 514 VARIO POWER&rdquo;\" rel=\"nofollow\" data-success_message=\"\u00ab\u00a0Fendt 514 VARIO POWER\u00a0\u00bb a \u00e9t\u00e9 ajout\u00e9 \u00e0 votre panier\"><span>Demander un devis<\/span><\/a>\t\t\t\t\t\t\t\t\t<\/div>\n\t\t\t\t<div class=\"wrap-quickview-button\">\t\t<div class=\"quick-view wd-action-btn wd-style-icon wd-quick-view-icon\">\n\t\t\t<a\n\t\t\t\thref=\"https:\/\/myautoprestige.fr\/index.php\/produit\/fendt-514-vario-power\/\"\n\t\t\t\tclass=\"open-quick-view quick-view-button\"\n\t\t\t\trel=\"nofollow\"\n\t\t\t\tdata-id=\"7645\">Quick view<\/a>\n\t\t<\/div>\n\t\t<\/div>\n\t\t\t<\/div>\n\n\n\t\t\t\t\t\t\n\t\t\t\t\t<\/div>\n\t<\/div>\n<\/div>\n<\/div>\n<div class=\"product-grid-item product product-no-swatches wd-hover-base wd-hover-with-fade  col-lg-3 col-md-3 col-6 last  type-product post-7262 status-publish first instock product_cat-accessories has-post-thumbnail shipping-taxable purchasable product-type-simple\" data-loop=\"8\" data-id=\"7262\">\n\t\n\t\n<div class=\"product-wrapper\">\n\t<div class=\"content-product-imagin\"><\/div>\n\t<div class=\"product-element-top wd-quick-shop\">\n\t\t<a href=\"https:\/\/myautoprestige.fr\/index.php\/produit\/ford-transit-custom-280-l1h1-2-0-ecoblue-130-trend-business-7cv\/\" class=\"product-image-link\">\n\t\t\t<img loading=\"lazy\" decoding=\"async\" width=\"430\" height=\"323\" src=\"https:\/\/myautoprestige.fr\/wp-content\/uploads\/2025\/05\/FORD-Transit-Custom-280-L1H1-2.0-EcoBlue-130-Trend-Business-7cv-430x323.webp\" class=\"attachment-woocommerce_thumbnail size-woocommerce_thumbnail\" alt=\"\" srcset=\"https:\/\/myautoprestige.fr\/wp-content\/uploads\/2025\/05\/FORD-Transit-Custom-280-L1H1-2.0-EcoBlue-130-Trend-Business-7cv-430x323.webp 430w, https:\/\/myautoprestige.fr\/wp-content\/uploads\/2025\/05\/FORD-Transit-Custom-280-L1H1-2.0-EcoBlue-130-Trend-Business-7cv-400x300.webp 400w, https:\/\/myautoprestige.fr\/wp-content\/uploads\/2025\/05\/FORD-Transit-Custom-280-L1H1-2.0-EcoBlue-130-Trend-Business-7cv-768x576.webp 768w, https:\/\/myautoprestige.fr\/wp-content\/uploads\/2025\/05\/FORD-Transit-Custom-280-L1H1-2.0-EcoBlue-130-Trend-Business-7cv-860x645.webp 860w, https:\/\/myautoprestige.fr\/wp-content\/uploads\/2025\/05\/FORD-Transit-Custom-280-L1H1-2.0-EcoBlue-130-Trend-Business-7cv-700x525.webp 700w, https:\/\/myautoprestige.fr\/wp-content\/uploads\/2025\/05\/FORD-Transit-Custom-280-L1H1-2.0-EcoBlue-130-Trend-Business-7cv-150x113.webp 150w, https:\/\/myautoprestige.fr\/wp-content\/uploads\/2025\/05\/FORD-Transit-Custom-280-L1H1-2.0-EcoBlue-130-Trend-Business-7cv.webp 1024w\" sizes=\"auto, (max-width: 430px) 100vw, 430px\" \/>\t\t<\/a>\n\t\t\t\t\t<div class=\"hover-img\">\n\t\t\t\t<a href=\"https:\/\/myautoprestige.fr\/index.php\/produit\/ford-transit-custom-280-l1h1-2-0-ecoblue-130-trend-business-7cv\/\">\n\t\t\t\t\t<img loading=\"lazy\" decoding=\"async\" width=\"430\" height=\"323\" src=\"https:\/\/myautoprestige.fr\/wp-content\/uploads\/2025\/05\/Sans-titre-13-430x323.webp\" class=\"attachment-woocommerce_thumbnail size-woocommerce_thumbnail\" alt=\"\" srcset=\"https:\/\/myautoprestige.fr\/wp-content\/uploads\/2025\/05\/Sans-titre-13-430x323.webp 430w, https:\/\/myautoprestige.fr\/wp-content\/uploads\/2025\/05\/Sans-titre-13-400x300.webp 400w, https:\/\/myautoprestige.fr\/wp-content\/uploads\/2025\/05\/Sans-titre-13-768x576.webp 768w, https:\/\/myautoprestige.fr\/wp-content\/uploads\/2025\/05\/Sans-titre-13-860x645.webp 860w, https:\/\/myautoprestige.fr\/wp-content\/uploads\/2025\/05\/Sans-titre-13-700x525.webp 700w, https:\/\/myautoprestige.fr\/wp-content\/uploads\/2025\/05\/Sans-titre-13-150x113.webp 150w, https:\/\/myautoprestige.fr\/wp-content\/uploads\/2025\/05\/Sans-titre-13.webp 1024w\" sizes=\"auto, (max-width: 430px) 100vw, 430px\" \/>\t\t\t\t<\/a>\n\t\t\t<\/div>\n\t\t\t\t\t<div class=\"wrapp-swatches\">\t\t\t<div class=\"wd-compare-btn product-compare-button wd-action-btn wd-style-icon wd-compare-icon\">\n\t\t\t\t<a href=\"https:\/\/myautoprestige.fr\/index.php\/compare\/\" data-id=\"7262\" rel=\"nofollow\" data-added-text=\"Compare products\">\n\t\t\t\t\t<span>Compare<\/span>\n\t\t\t\t<\/a>\n\t\t\t<\/div>\n\t\t<\/div>\n\t<\/div>\n\n\t<div class=\"product-element-bottom product-information\">\n\t\t<h3 class=\"wd-entities-title\"><a href=\"https:\/\/myautoprestige.fr\/index.php\/produit\/ford-transit-custom-280-l1h1-2-0-ecoblue-130-trend-business-7cv\/\">FORD Transit Custom 280 L1H1 2.0 EcoBlue 130 Trend Business 7cv<\/a><\/h3>\t\t\t\t<div class=\"wd-product-cats\">\n\t\t\t<a href=\"https:\/\/myautoprestige.fr\/index.php\/categorie-produit\/accessories\/\" rel=\"tag\">Accessories<\/a>\t\t<\/div>\n\t\t\t\t<div class=\"product-rating-price\">\n\t\t\t<div class=\"wrapp-product-price\">\n\t\t\t\t\t\t\t\t\n\t<span class=\"price\"><span class=\"woocommerce-Price-amount amount\"><bdi>22 000,00&nbsp;<span class=\"woocommerce-Price-currencySymbol\">&euro;<\/span><\/bdi><\/span><\/span>\n\t\t\t<\/div>\n\t\t<\/div>\n\t\t<div class=\"fade-in-block\">\n\t\t\t<div class=\"hover-content wd-more-desc\">\n\t\t\t\t<div class=\"hover-content-inner wd-more-desc-inner\">\n\t\t\t\t\tCe v\u00e9hicule est un V\u00c9HICULE UTILITAIRE, il comporte 3 places uniquement\r\nCarburation\u00a0 Diesel\r\nKilom\u00e9trage\u00a0 \u00a0\u00a0 55 809 km\r\nDate de la premi\u00e8re mise en circulation\u00a0 \u00a0 21 octobre 2021\r\nBoite de vitesse\u00a0 \u00a0Manuelle\t\t\t\t<\/div>\n\t\t\t\t<a href=\"#\" rel=\"nofollow\" class=\"wd-more-desc-btn\" aria-label=\"Read more description\"><span><\/span><\/a>\n\t\t\t<\/div>\n\t\t\t<div class=\" wd-bottom-actions\">\n\t\t\t\t<div class=\"wrap-wishlist-button\">\t\t\t<div class=\"wd-wishlist-btn wd-action-btn wd-style-icon wd-wishlist-icon\">\n\t\t\t\t<a class=\"\" href=\"https:\/\/myautoprestige.fr\/index.php\/wishlist\/\" data-key=\"39c3796c60\" data-product-id=\"7262\" rel=\"nofollow\" data-added-text=\"Browse Wishlist\">\n\t\t\t\t\t<span>Add to wishlist<\/span>\n\t\t\t\t<\/a>\n\t\t\t<\/div>\n\t\t<\/div>\n\t\t\t\t<div class=\"wd-add-btn wd-add-btn-replace\">\n\t\t\t\t\t<a href=\"?add-to-cart=7262\" data-quantity=\"1\" class=\"button product_type_simple add_to_cart_button ajax_add_to_cart text_replaceable add-to-cart-loop\" data-product_id=\"7262\" data-product_sku=\"\" aria-label=\"Ajouter au panier\u00a0: &ldquo;FORD Transit Custom 280 L1H1 2.0 EcoBlue 130 Trend Business 7cv&rdquo;\" rel=\"nofollow\" data-success_message=\"\u00ab\u00a0FORD Transit Custom 280 L1H1 2.0 EcoBlue 130 Trend Business 7cv\u00a0\u00bb a \u00e9t\u00e9 ajout\u00e9 \u00e0 votre panier\"><span>Demander un devis<\/span><\/a>\t\t\t\t\t\t\t\t\t<\/div>\n\t\t\t\t<div class=\"wrap-quickview-button\">\t\t<div class=\"quick-view wd-action-btn wd-style-icon wd-quick-view-icon\">\n\t\t\t<a\n\t\t\t\thref=\"https:\/\/myautoprestige.fr\/index.php\/produit\/ford-transit-custom-280-l1h1-2-0-ecoblue-130-trend-business-7cv\/\"\n\t\t\t\tclass=\"open-quick-view quick-view-button\"\n\t\t\t\trel=\"nofollow\"\n\t\t\t\tdata-id=\"7262\">Quick view<\/a>\n\t\t<\/div>\n\t\t<\/div>\n\t\t\t<\/div>\n\n\n\t\t\t\t\t\t\n\t\t\t\t\t<\/div>\n\t<\/div>\n<\/div>\n<\/div>\n\t\t\t<\/div>\n\t\t\t<\/div>[\/vc_column][\/vc_row][vc_section full_width=\u00a0\u00bbstretch_row\u00a0\u00bb css=\u00a0\u00bb.vc_custom_1627903304172{padding-top: 0px !important;padding-bottom: 100px !important;background-color: #f7f7f7 !important;}\u00a0\u00bb woodmart_css_id=\u00a0\u00bb6107d53086051&Prime; responsive_spacing=\u00a0\u00bbeyJwYXJhbV90eXBlIjoid29vZG1hcnRfcmVzcG9uc2l2ZV9zcGFjaW5nIiwic2VsZWN0b3JfaWQiOiI2MTA3ZDUzMDg2MDUxIiwic2hvcnRjb2RlIjoidmNfc2VjdGlvbiIsImRhdGEiOnsidGFibGV0Ijp7InBhZGRpbmctYm90dG9tIjoiNjAifSwibW9iaWxlIjp7InBhZGRpbmctYm90dG9tIjoiNDAifX19&Prime; mobile_bg_img_hidden=\u00a0\u00bbno\u00a0\u00bb tablet_bg_img_hidden=\u00a0\u00bbno\u00a0\u00bb woodmart_parallax=\u00a0\u00bb0&Prime; woodmart_gradient_switch=\u00a0\u00bbno\u00a0\u00bb woodmart_disable_overflow=\u00a0\u00bb0&Prime;][vc_row full_width=\u00a0\u00bbstretch_row_content_no_spaces\u00a0\u00bb woodmart_css_id=\u00a0\u00bb6107d54f21b41&Prime; responsive_spacing=\u00a0\u00bbeyJwYXJhbV90eXBlIjoid29vZG1hcnRfcmVzcG9uc2l2ZV9zcGFjaW5nIiwic2VsZWN0b3JfaWQiOiI2MTA3ZDU0ZjIxYjQxIiwic2hvcnRjb2RlIjoidmNfcm93IiwiZGF0YSI6eyJ0YWJsZXQiOnt9LCJtb2JpbGUiOnt9fX0=\u00a0\u00bb mobile_bg_img_hidden=\u00a0\u00bbno\u00a0\u00bb tablet_bg_img_hidden=\u00a0\u00bbno\u00a0\u00bb woodmart_parallax=\u00a0\u00bb0&Prime; woodmart_gradient_switch=\u00a0\u00bbno\u00a0\u00bb row_reverse_mobile=\u00a0\u00bb0&Prime; row_reverse_tablet=\u00a0\u00bb0&Prime; woodmart_disable_overflow=\u00a0\u00bb0&Prime;][vc_column css=\u00a0\u00bb.vc_custom_1627903329081{padding-top: 0px !important;}\u00a0\u00bb woodmart_css_id=\u00a0\u00bb6107d55fa1eb5&Prime; responsive_spacing=\u00a0\u00bbeyJwYXJhbV90eXBlIjoid29vZG1hcnRfcmVzcG9uc2l2ZV9zcGFjaW5nIiwic2VsZWN0b3JfaWQiOiI2MTA3ZDU1ZmExZWI1Iiwic2hvcnRjb2RlIjoidmNfY29sdW1uIiwiZGF0YSI6eyJ0YWJsZXQiOnt9LCJtb2JpbGUiOnt9fX0=\u00a0\u00bb parallax_scroll=\u00a0\u00bbno\u00a0\u00bb mobile_bg_img_hidden=\u00a0\u00bbno\u00a0\u00bb tablet_bg_img_hidden=\u00a0\u00bbno\u00a0\u00bb woodmart_parallax=\u00a0\u00bb0&Prime; woodmart_sticky_column=\u00a0\u00bbfalse\u00a0\u00bb mobile_reset_margin=\u00a0\u00bbno\u00a0\u00bb tablet_reset_margin=\u00a0\u00bbno\u00a0\u00bb][vc_column_text css=\u00a0\u00bb\u00a0\u00bb woodmart_inline=\u00a0\u00bbno\u00a0\u00bb text_larger=\u00a0\u00bbno\u00a0\u00bb]<\/p>\n<h1 class=\"text-center\" style=\"text-align: center;\">Notre \u00e9quipe, passionn\u00e9e et comp\u00e9tente, vous accompagne<\/h1>\n<h1 class=\"text-center\" style=\"text-align: center;\">dans le choix de tracteurs adapt\u00e9s \u00e0 vos besoins.<\/h1>\n<p>[\/vc_column_text][\/vc_column][\/vc_row][vc_row css=\u00a0\u00bb.vc_custom_1627903323819{margin-bottom: 25px !important;padding-top: 80px !important;}\u00a0\u00bb woodmart_css_id=\u00a0\u00bb6107d55268ad5&Prime; responsive_spacing=\u00a0\u00bbeyJwYXJhbV90eXBlIjoid29vZG1hcnRfcmVzcG9uc2l2ZV9zcGFjaW5nIiwic2VsZWN0b3JfaWQiOiI2MTA3ZDU1MjY4YWQ1Iiwic2hvcnRjb2RlIjoidmNfcm93IiwiZGF0YSI6eyJ0YWJsZXQiOnsicGFkZGluZy10b3AiOiI2MCJ9LCJtb2JpbGUiOnsicGFkZGluZy10b3AiOiI0MCJ9fX0=\u00a0\u00bb mobile_bg_img_hidden=\u00a0\u00bbno\u00a0\u00bb tablet_bg_img_hidden=\u00a0\u00bbno\u00a0\u00bb woodmart_parallax=\u00a0\u00bb0&Prime; woodmart_gradient_switch=\u00a0\u00bbno\u00a0\u00bb row_reverse_mobile=\u00a0\u00bb0&Prime; row_reverse_tablet=\u00a0\u00bb0&Prime; woodmart_disable_overflow=\u00a0\u00bb0&Prime;][vc_column][vc_single_image image=\u00a0\u00bb7062&Prime; img_size=\u00a0\u00bbfull\u00a0\u00bb alignment=\u00a0\u00bbcenter\u00a0\u00bb css=\u00a0\u00bb\u00a0\u00bb parallax_scroll=\u00a0\u00bbno\u00a0\u00bb woodmart_inline=\u00a0\u00bbno\u00a0\u00bb][vc_column_text css=\u00a0\u00bb\u00a0\u00bb woodmart_inline=\u00a0\u00bbno\u00a0\u00bb text_larger=\u00a0\u00bbno\u00a0\u00bb]<\/p>\n<h4 style=\"text-align: center;\">\u00c9quipe passionn\u00e9e, experte et d\u00e9vou\u00e9e, pr\u00eate \u00e0 vous servir !<\/h4>\n<p>[\/vc_column_text]\n\t\t<div id=\"wd-683066705356c\" class=\"title-wrapper wd-wpb set-mb-s reset-last-child  wd-rs-683066705356c wd-title-color-default wd-title-style-default text-center  wd-underline-colored\">\n\t\t\t\n\t\t\t<div class=\"liner-continer\">\n\t\t\t\t<h2 class=\"woodmart-title-container title  wd-font-weight- wd-fontsize-xxl\" >Explorez les diff\u00e9rentes gammes de tracteurs et d'\u00e9quipements agricoles d'occasions que vous pouvez commander chez nous.<\/h2>\n\t\t\t\t\t\t\t<\/div>\n\t\t\t\n\t\t\t\n\t\t\t\n\t\t<\/div>\n\t\t\n\t\t[vc_column_text css=\u00a0\u00bb\u00a0\u00bb woodmart_inline=\u00a0\u00bbno\u00a0\u00bb text_larger=\u00a0\u00bbno\u00a0\u00bb]<\/p>\n<h4 style=\"text-align: left;\">Des services de haute qualit\u00e9 pour vos besoins en tracteurs agricoles<\/h4>\n<p>[\/vc_column_text][\/vc_column][\/vc_row][vc_row full_width=\u00a0\u00bbstretch_row\u00a0\u00bb css=\u00a0\u00bb.vc_custom_1494171460180{margin-bottom: 0px !important;}\u00a0\u00bb][vc_column width=\u00a0\u00bb1\/4&Prime; css=\u00a0\u00bb.vc_custom_1494152751886{border-right-width: 1px !important;padding-top: 20px !important;padding-bottom: 20px !important;border-right-color: #eaeaea !important;border-right-style: solid !important;}\u00a0\u00bb]\t\t\t<div class=\"info-box-wrapper\">\n\t\t\t\t<div id=\"wd-683ae1b27098a\" class=\" wd-rs-683ae1b27098a cursor-pointer wd-info-box wd-wpb text-center box-icon-align-top box-style- color-scheme- wd-bg-none vc_custom_1748689444194\"  onclick=\"window.location.href=&quot;https:\/\/myautoprestige.fr\/index.php\/demande-de-devis\/&quot;\"  >\n\t\t\t\t\t\t\t\t\t\t\t<div class=\"box-icon-wrapper  box-with-icon box-icon-simple\">\n\t\t\t\t\t\t\t<div class=\"info-box-icon\">\n\n\t\t\t\t\t\t\t\n\t\t\t\t\t\t\t\t\t\t\t\t\t\t\t\t\t<img decoding=\"async\" class=\"info-icon image-1 \" src=\"https:\/\/myautoprestige.fr\/wp-content\/uploads\/2025\/05\/website.s_key_images_default_image_1.jpg\" width=\"480\" height=\"318\" alt=\"website.s_key_images_default_image_1\" title=\"website.s_key_images_default_image_1\" loading=\"lazy\" \/>\t\t\t\t\t\t\t\t\t\t\t\t\t\t\t\n\t\t\t\t\t\t\t<\/div>\n\t\t\t\t\t\t<\/div>\n\t\t\t\t\t\t\t\t\t\t<div class=\"info-box-content\">\n\t\t\t\t\t\t<h4 class=\"info-box-title title wd-font-weight- box-title-style-default wd-fontsize-m\">Demandez un devis<\/h4>\t\t\t\t\t\t<div class=\"info-box-inner set-cont-mb-s reset-last-child\">\n\t\t\t\t\t\t\t\t\t\t\t\t\t<\/div>\n\n\t\t\t\t\t\t\t\t\t\t\t<\/div>\n\n\t\t\t\t\t\t\t\t\t<\/div>\n\t\t\t<\/div>\n\t\t[\/vc_column][vc_column width=\u00a0\u00bb1\/4&Prime; css=\u00a0\u00bb.vc_custom_1627903754333{border-right-width: 1px !important;padding-top: 20px !important;padding-bottom: 20px !important;border-right-color: #eaeaea !important;border-right-style: solid !important;}\u00a0\u00bb woodmart_css_id=\u00a0\u00bb6107d70830730&Prime; responsive_spacing=\u00a0\u00bbeyJwYXJhbV90eXBlIjoid29vZG1hcnRfcmVzcG9uc2l2ZV9zcGFjaW5nIiwic2VsZWN0b3JfaWQiOiI2MTA3ZDcwODMwNzMwIiwic2hvcnRjb2RlIjoidmNfY29sdW1uIiwiZGF0YSI6eyJ0YWJsZXQiOnt9LCJtb2JpbGUiOnt9fX0=\u00a0\u00bb parallax_scroll=\u00a0\u00bbno\u00a0\u00bb mobile_bg_img_hidden=\u00a0\u00bbno\u00a0\u00bb tablet_bg_img_hidden=\u00a0\u00bbno\u00a0\u00bb woodmart_parallax=\u00a0\u00bb0&Prime; woodmart_sticky_column=\u00a0\u00bbfalse\u00a0\u00bb mobile_reset_margin=\u00a0\u00bbno\u00a0\u00bb tablet_reset_margin=\u00a0\u00bbno\u00a0\u00bb]\t\t\t<div class=\"info-box-wrapper\">\n\t\t\t\t<div id=\"wd-683ae22ab99ed\" class=\" wd-rs-683ae22ab99ed cursor-pointer wd-info-box wd-wpb text-center box-icon-align-top box-style- color-scheme- wd-bg-none vc_custom_1748689472385\"  onclick=\"window.location.href=&quot;https:\/\/myautoprestige.fr\/index.php\/demande-de-devis\/&quot;\"  >\n\t\t\t\t\t\t\t\t\t\t\t<div class=\"box-icon-wrapper  box-with-icon box-icon-simple\">\n\t\t\t\t\t\t\t<div class=\"info-box-icon\">\n\n\t\t\t\t\t\t\t\n\t\t\t\t\t\t\t\t\t\t\t\t\t\t\t\t\t<img decoding=\"async\" class=\"info-icon image-1 \" src=\"https:\/\/myautoprestige.fr\/wp-content\/uploads\/2025\/05\/website.s_key_images_default_image_2.jpg\" width=\"480\" height=\"320\" alt=\"website.s_key_images_default_image_2\" title=\"website.s_key_images_default_image_2\" loading=\"lazy\" \/>\t\t\t\t\t\t\t\t\t\t\t\t\t\t\t\n\t\t\t\t\t\t\t<\/div>\n\t\t\t\t\t\t<\/div>\n\t\t\t\t\t\t\t\t\t\t<div class=\"info-box-content\">\n\t\t\t\t\t\t<h4 class=\"info-box-title title wd-font-weight- box-title-style-default wd-fontsize-m\">Demandez un devis<\/h4>\t\t\t\t\t\t<div class=\"info-box-inner set-cont-mb-s reset-last-child\">\n\t\t\t\t\t\t\t\t\t\t\t\t\t<\/div>\n\n\t\t\t\t\t\t\t\t\t\t\t<\/div>\n\n\t\t\t\t\t\t\t\t\t<\/div>\n\t\t\t<\/div>\n\t\t[\/vc_column][vc_column width=\u00a0\u00bb1\/4&Prime; css=\u00a0\u00bb.vc_custom_1493386793546{padding-top: 20px !important;padding-bottom: 20px !important;}\u00a0\u00bb]\t\t\t<div class=\"info-box-wrapper\">\n\t\t\t\t<div id=\"wd-683ae25027f3a\" class=\" wd-rs-683ae25027f3a cursor-pointer wd-info-box wd-wpb text-center box-icon-align-top box-style- color-scheme- wd-bg-none vc_custom_1748689506987\"  onclick=\"window.location.href=&quot;https:\/\/myautoprestige.fr\/index.php\/demande-de-devis\/&quot;\"  >\n\t\t\t\t\t\t\t\t\t\t\t<div class=\"box-icon-wrapper  box-with-icon box-icon-simple\">\n\t\t\t\t\t\t\t<div class=\"info-box-icon\">\n\n\t\t\t\t\t\t\t\n\t\t\t\t\t\t\t\t\t\t\t\t\t\t\t\t\t<img decoding=\"async\" class=\"info-icon image-1 \" src=\"https:\/\/myautoprestige.fr\/wp-content\/uploads\/2025\/05\/website.s_key_images_default_image_3.jpg\" width=\"480\" height=\"320\" alt=\"website.s_key_images_default_image_3\" title=\"website.s_key_images_default_image_3\" loading=\"lazy\" \/>\t\t\t\t\t\t\t\t\t\t\t\t\t\t\t\n\t\t\t\t\t\t\t<\/div>\n\t\t\t\t\t\t<\/div>\n\t\t\t\t\t\t\t\t\t\t<div class=\"info-box-content\">\n\t\t\t\t\t\t<h4 class=\"info-box-title title wd-font-weight- box-title-style-default wd-fontsize-m\">Demandez un devis<\/h4>\t\t\t\t\t\t<div class=\"info-box-inner set-cont-mb-s reset-last-child\">\n\t\t\t\t\t\t\t\t\t\t\t\t\t<\/div>\n\n\t\t\t\t\t\t\t\t\t\t\t<\/div>\n\n\t\t\t\t\t\t\t\t\t<\/div>\n\t\t\t<\/div>\n\t\t[\/vc_column][vc_column width=\u00a0\u00bb1\/4&Prime;]\t\t\t<div class=\"info-box-wrapper\">\n\t\t\t\t<div id=\"wd-683ae2679843a\" class=\" wd-rs-683ae2679843a cursor-pointer wd-info-box wd-wpb text-left box-icon-align-top box-style- color-scheme- wd-bg-none \"  onclick=\"window.location.href=&quot;https:\/\/myautoprestige.fr\/index.php\/demande-de-devis\/&quot;\"  >\n\t\t\t\t\t\t\t\t\t\t\t<div class=\"box-icon-wrapper  box-with-icon box-icon-simple\">\n\t\t\t\t\t\t\t<div class=\"info-box-icon\">\n\n\t\t\t\t\t\t\t\n\t\t\t\t\t\t\t\t\t\t\t\t\t\t\t\t\t<img decoding=\"async\" class=\"info-icon image-1 \" src=\"https:\/\/myautoprestige.fr\/wp-content\/uploads\/2025\/05\/4.jpg\" width=\"480\" height=\"360\" alt=\"4\" title=\"4\" loading=\"lazy\" \/>\t\t\t\t\t\t\t\t\t\t\t\t\t\t\t\n\t\t\t\t\t\t\t<\/div>\n\t\t\t\t\t\t<\/div>\n\t\t\t\t\t\t\t\t\t\t<div class=\"info-box-content\">\n\t\t\t\t\t\t<h4 class=\"info-box-title title wd-font-weight- box-title-style-default wd-fontsize-m\">Demandez un devis<\/h4>\t\t\t\t\t\t<div class=\"info-box-inner set-cont-mb-s reset-last-child\">\n\t\t\t\t\t\t\t\t\t\t\t\t\t<\/div>\n\n\t\t\t\t\t\t\t\t\t\t\t<\/div>\n\n\t\t\t\t\t\t\t\t\t<\/div>\n\t\t\t<\/div>\n\t\t[\/vc_column][\/vc_row][\/vc_section][vc_section full_width=\u00a0\u00bbstretch_row\u00a0\u00bb css=\u00a0\u00bb.vc_custom_1627906476775{padding-top: 0px !important;background-color: #161616 !important;}\u00a0\u00bb woodmart_css_id=\u00a0\u00bb6107e1a3a2a20&Prime; responsive_spacing=\u00a0\u00bbeyJwYXJhbV90eXBlIjoid29vZG1hcnRfcmVzcG9uc2l2ZV9zcGFjaW5nIiwic2VsZWN0b3JfaWQiOiI2MTA3ZTFhM2EyYTIwIiwic2hvcnRjb2RlIjoidmNfc2VjdGlvbiIsImRhdGEiOnsidGFibGV0Ijp7fSwibW9iaWxlIjp7fX19&Prime; mobile_bg_img_hidden=\u00a0\u00bbno\u00a0\u00bb tablet_bg_img_hidden=\u00a0\u00bbno\u00a0\u00bb woodmart_parallax=\u00a0\u00bb0&Prime; woodmart_gradient_switch=\u00a0\u00bbno\u00a0\u00bb woodmart_disable_overflow=\u00a0\u00bb0&Prime;][vc_row full_width=\u00a0\u00bbstretch_row_content_no_spaces\u00a0\u00bb][vc_column][vc_column_text css=\u00a0\u00bb\u00a0\u00bb woodmart_inline=\u00a0\u00bbno\u00a0\u00bb text_larger=\u00a0\u00bbno\u00a0\u00bb]<\/p>\n<h2 class=\"text-center\" style=\"text-align: center;\"><span style=\"color: #ffffff;\">Vivez l&rsquo;exp\u00e9rience de conduire des tracteurs de derni\u00e8re g\u00e9n\u00e9ration.<\/span><\/h2>\n<p>[\/vc_column_text][vc_single_image image=\u00a0\u00bb7083&Prime; img_size=\u00a0\u00bbfull\u00a0\u00bb css=\u00a0\u00bb\u00a0\u00bb parallax_scroll=\u00a0\u00bbno\u00a0\u00bb woodmart_inline=\u00a0\u00bbno\u00a0\u00bb][vc_column_text css=\u00a0\u00bb\u00a0\u00bb woodmart_inline=\u00a0\u00bbno\u00a0\u00bb text_larger=\u00a0\u00bbno\u00a0\u00bb]<\/p>\n<h4><span style=\"color: #ffffff;\">Nos phares LED au design unique ne sont pas seulement magnifiques, ils \u00e9clairent aussi puissamment votre chemin.<\/span><\/h4>\n<p>[\/vc_column_text][\/vc_column][\/vc_row][vc_row][vc_column width=\u00a0\u00bb1\/2&Prime;][vc_column_text css=\u00a0\u00bb\u00a0\u00bb woodmart_inline=\u00a0\u00bbno\u00a0\u00bb text_larger=\u00a0\u00bbno\u00a0\u00bb]<\/p>\n<div class=\"o_grid_item g-col-lg-6 g-height-5 col-lg-6 o_colored_level\">\n<h3 style=\"text-align: left;\"><span style=\"color: #ffffff;\">Les chiffres cl\u00e9s de nos r\u00e9alisations dans le secteur agricole<\/span><\/h3>\n<h5 class=\"lead\" style=\"text-align: left;\"><span style=\"color: #ffffff;\">Notre engagement en faveur de l&rsquo;innovation, de la performance et du d\u00e9veloppement durable nous fait progresser et nous permet d&rsquo;atteindre l&rsquo;excellence dans toutes les cat\u00e9gories de l&rsquo;industrie agricole.<\/span><\/h5>\n<\/div>\n<div class=\"o_grid_item g-col-lg-5 g-height-3 col-lg-5 o_colored_level\" style=\"text-align: left;\">\n<h5><span style=\"color: #ffffff;\">Nos clients ont \u00e9conomis\u00e9 500 000 euros\u00a0en choisissant nos tracteurs \u00e9cologiques et \u00e9conomiques.<\/span><\/h5>\n<div class=\"s_progress_bar s_progress_bar_label_hidden\" data-display=\"inline\" data-vcss=\"001\" data-snippet=\"s_progress_bar\">\n<div class=\"s_progress_bar_wrapper d-flex gap-2\">\n<h5 class=\"progress\" role=\"progressbar\" aria-label=\"Barre de progression des ventes\" aria-valuenow=\"80\" aria-valuemin=\"0\" aria-valuemax=\"100\"><\/h5>\n<\/div>\n<\/div>\n<\/div>\n<p>[\/vc_column_text][\/vc_column][vc_column width=\u00a0\u00bb1\/2&Prime;][vc_single_image image=\u00a0\u00bb7166&Prime; img_size=\u00a0\u00bbfull\u00a0\u00bb alignment=\u00a0\u00bbcenter\u00a0\u00bb css=\u00a0\u00bb\u00a0\u00bb parallax_scroll=\u00a0\u00bbno\u00a0\u00bb woodmart_inline=\u00a0\u00bbno\u00a0\u00bb][vc_column_text css=\u00a0\u00bb\u00a0\u00bb woodmart_inline=\u00a0\u00bbno\u00a0\u00bb text_larger=\u00a0\u00bbno\u00a0\u00bb]<\/p>\n<div class=\"o_grid_item o_cc o_cc2 g-col-lg-5 g-height-12 col-lg-5 rounded\">\n<h1 class=\"display-1-fs\" style=\"text-align: center;\"><span style=\"color: #ffffff;\">75%<\/span><\/h1>\n<h5 class=\"o_small text-600\" style=\"text-align: center;\"><span style=\"color: #ffffff;\">85 % de nos clients choisissent de renouveler leur mat\u00e9riel tous les 5 ans, t\u00e9moignant de leur confiance et de leur satisfaction envers nos produits.<\/span><\/h5>\n<\/div>\n<p>[\/vc_column_text][\/vc_column][\/vc_row][\/vc_section][vc_row full_width=\u00a0\u00bbstretch_row\u00a0\u00bb css=\u00a0\u00bb.vc_custom_1627904740378{margin-bottom: 100px !important;padding-top: 100px !important;padding-bottom: 65px !important;background-color: #f7f7f7 !important;}\u00a0\u00bb woodmart_css_id=\u00a0\u00bb6107dac046e95&Prime; responsive_spacing=\u00a0\u00bbeyJwYXJhbV90eXBlIjoid29vZG1hcnRfcmVzcG9uc2l2ZV9zcGFjaW5nIiwic2VsZWN0b3JfaWQiOiI2MTA3ZGFjMDQ2ZTk1Iiwic2hvcnRjb2RlIjoidmNfcm93IiwiZGF0YSI6eyJ0YWJsZXQiOnsibWFyZ2luLWJvdHRvbSI6IjYwIiwicGFkZGluZy10b3AiOiI2MCIsInBhZGRpbmctYm90dG9tIjoiNDAifSwibW9iaWxlIjp7Im1hcmdpbi1ib3R0b20iOiI0MCIsInBhZGRpbmctdG9wIjoiNDAiLCJwYWRkaW5nLWJvdHRvbSI6IjMwIn19fQ==\u00a0\u00bb mobile_bg_img_hidden=\u00a0\u00bbno\u00a0\u00bb tablet_bg_img_hidden=\u00a0\u00bbno\u00a0\u00bb woodmart_parallax=\u00a0\u00bb0&Prime; woodmart_gradient_switch=\u00a0\u00bbno\u00a0\u00bb row_reverse_mobile=\u00a0\u00bb0&Prime; row_reverse_tablet=\u00a0\u00bb0&Prime; woodmart_disable_overflow=\u00a0\u00bb0&Prime;][vc_column css=\u00a0\u00bb.vc_custom_1494252825697{padding-top: 0px !important;}\u00a0\u00bb][vc_column_text css=\u00a0\u00bb\u00a0\u00bb woodmart_inline=\u00a0\u00bbno\u00a0\u00bb text_larger=\u00a0\u00bbno\u00a0\u00bb]<\/p>\n<h1 style=\"text-align: left;\">Actualit\u00e9s du secteur<\/h1>\n<p>[\/vc_column_text][vc_row_inner][vc_column_inner width=\u00a0\u00bb1\/4&Prime;][vc_single_image image=\u00a0\u00bb7170&Prime; img_size=\u00a0\u00bb300&#215;300&Prime; alignment=\u00a0\u00bbright\u00a0\u00bb css=\u00a0\u00bb\u00a0\u00bb parallax_scroll=\u00a0\u00bbno\u00a0\u00bb woodmart_inline=\u00a0\u00bbno\u00a0\u00bb][\/vc_column_inner][vc_column_inner width=\u00a0\u00bb3\/4&Prime;][vc_column_text css=\u00a0\u00bb\u00a0\u00bb woodmart_inline=\u00a0\u00bbno\u00a0\u00bb text_larger=\u00a0\u00bbno\u00a0\u00bb]<\/p>\n<h3>Les camions qui seront bient\u00f4t disponibles sur notre boutique en ligne.<\/h3>\n<h5>Nous disposons d&rsquo;une flotte de camions et de petites voitures en Autriche, qui seront prochainement disponibles sur notre site.<\/h5>\n<p>[\/vc_column_text][\/vc_column_inner][\/vc_row_inner][vc_row_inner][vc_column_inner width=\u00a0\u00bb2\/3&Prime;][vc_column_text css=\u00a0\u00bb\u00a0\u00bb woodmart_inline=\u00a0\u00bbno\u00a0\u00bb text_larger=\u00a0\u00bbno\u00a0\u00bb]<\/p>\n<h2>Les \u00e9v\u00e9nements agricoles \u00e0 venir<\/h2>\n<h5>Des sp\u00e9cialistes du secteur agricole se r\u00e9uniront prochainement avec nos experts pour offrir des conf\u00e9rences inspirantes sur les derni\u00e8res innovations en mati\u00e8re de tracteurs et d&rsquo;\u00e9quipements agricoles. Tenez-vous au courant des nouvelles tendances en agriculture et en technologie.<\/h5>\n<h5>La conf\u00e9rence se tiendra bient\u00f4t en France. Restez attentifs pour obtenir davantage d&rsquo;informations sur cet \u00e9v\u00e9nement.<\/h5>\n<p>[\/vc_column_text]<div id=\"wd-6837426070d54\" class=\" wd-rs-6837426070d54  wd-button-wrapper text-center\"><a href=\"https:\/\/myautoprestige.fr\/index.php\/evenements-agricoles-a-venir\/\" title=\"evenements agricoles \u00e0 venir\" class=\"btn btn-color-default btn-style-default btn-style-rectangle btn-size-default\">Participez \u00e0 l&#039;\u00e9v\u00e9nement<\/a><\/div>[\/vc_column_inner][vc_column_inner width=\u00a0\u00bb1\/3&Prime;][vc_single_image image=\u00a0\u00bb7177&Prime; img_size=\u00a0\u00bbfull\u00a0\u00bb css=\u00a0\u00bb\u00a0\u00bb parallax_scroll=\u00a0\u00bbno\u00a0\u00bb woodmart_inline=\u00a0\u00bbno\u00a0\u00bb][\/vc_column_inner][\/vc_row_inner][vc_row_inner][vc_column_inner width=\u00a0\u00bb1\/4&Prime;][vc_single_image image=\u00a0\u00bb7181&Prime; img_size=\u00a0\u00bbfull\u00a0\u00bb css=\u00a0\u00bb\u00a0\u00bb parallax_scroll=\u00a0\u00bbno\u00a0\u00bb woodmart_inline=\u00a0\u00bbno\u00a0\u00bb][\/vc_column_inner][vc_column_inner width=\u00a0\u00bb3\/4&Prime;][vc_column_text css=\u00a0\u00bb\u00a0\u00bb woodmart_inline=\u00a0\u00bbno\u00a0\u00bb text_larger=\u00a0\u00bbno\u00a0\u00bb]<\/p>\n<h3>Nous assurons des livraisons l\u00e0 o\u00f9 il y a une demande.<\/h3>\n<h5>Nous garantissons des livraisons efficaces et rapides dans toutes les zones o\u00f9 une demande se manifeste. Quelle que soit votre localisation, notre \u00e9quipe s&rsquo;engage \u00e0 r\u00e9pondre \u00e0 vos besoins en mati\u00e8re de livraison. Notre objectif est de vous apporter satisfaction et confort en assurant la disponibilit\u00e9 de nos services partout.<\/h5>\n<p>[\/vc_column_text][\/vc_column_inner][\/vc_row_inner]\n\t\t<div id=\"wd-68318eeaafbdf\" class=\"title-wrapper wd-wpb set-mb-s reset-last-child  wd-rs-68318eeaafbdf wd-title-color-primary wd-title-style-default text-center vc_custom_1748078328437 wd-underline-colored\">\n\t\t\t\n\t\t\t<div class=\"liner-continer\">\n\t\t\t\t<h4 class=\"woodmart-title-container title  wd-font-weight- wd-fontsize-xxl\" >NOS CLIENTS PARLENT<\/h4>\n\t\t\t\t\t\t\t<\/div>\n\t\t\t\n\t\t\t\n\t\t\t\n\t\t<\/div>\n\t\t\n\t\t\t\t\t\n\t\t\t<div id=\"wd-683ad7aa20adf\" class=\"testimonials testimonials-wrapper testimonials-slider testimon-style-standard color-scheme-  testimon-align-center  wd-carousel-container wd-carousel-spacing-30\" data-owl-carousel data-wrap=\"no\" data-autoplay=\"yes\" data-hide_pagination_control=\"yes\" data-hide_prev_next_buttons=\"no\" data-center_mode=\"yes\" data-desktop=\"1\" data-tablet=\"1\" data-tablet_landscape=\"1\" data-mobile=\"1\">\n\t\t\t\t<div class=\" owl-carousel owl-items-lg-1 owl-items-md-1 owl-items-sm-1 owl-items-xs-1\" >\n\t\t\t\t\t\n<div class=\"testimonial column \">\n\t<div class=\"testimonial-inner\">\n\t\t\n\t\t<div class=\"testimonial-content\">\n\t\t\t<div class=\"testimonial-rating\">\n\t\t\t\t<span class=\"star-rating\">\n\t\t\t\t\t<span style=\"width:100%\"><\/span>\n\t\t\t\t<\/span>\n\t\t\t<\/div>\n\n\t\t\t\u00ab\u00a0J&rsquo;ai r\u00e9cemment achet\u00e9 une voiture chez AUTO PRESTIGE et je suis ravi de mon exp\u00e9rience. L\u2019\u00e9quipe est tr\u00e8s professionnelle et a pris le temps de r\u00e9pondre \u00e0 toutes mes questions. La voiture est en excellent \u00e9tat et correspond parfaitement \u00e0 mes attentes. Je recommande vivement !\u00a0\u00bb\n\t\t\t<footer>\n\t\t\t\tJean-Marc T\n\t\t\t\t\t\t\t\t\t<span>\n\t\t\t\t\t\tTechnicien TP\t\t\t\t\t<\/span>\n\t\t\t\t\t\t\t<\/footer>\n\t\t<\/div>\n\t<\/div>\n<\/div>\n<div class=\"testimonial column \">\n\t<div class=\"testimonial-inner\">\n\t\t\n\t\t<div class=\"testimonial-content\">\n\t\t\t<div class=\"testimonial-rating\">\n\t\t\t\t<span class=\"star-rating\">\n\t\t\t\t\t<span style=\"width:100%\"><\/span>\n\t\t\t\t<\/span>\n\t\t\t<\/div>\n\n\t\t\t\u00ab\u00a0Auto Prestige m&rsquo;a aid\u00e9 \u00e0 trouver le camion parfait pour mon entreprise. Le choix \u00e9tait vaste et la qualit\u00e9 des v\u00e9hicules est ind\u00e9niable. Le seul b\u00e9mol, c\u2019est que j\u2019aurais aim\u00e9 une livraison plus rapide, mais le service client \u00e9tait tr\u00e8s r\u00e9actif. Merci \u00e0 toute l&rsquo;\u00e9quipe !\u00a0\u00bb\n\t\t\t<footer>\n\t\t\t\tSophie L\n\t\t\t\t\t\t\t\t\t<span>\n\t\t\t\t\t\tPaysagiste\t\t\t\t\t<\/span>\n\t\t\t\t\t\t\t<\/footer>\n\t\t<\/div>\n\t<\/div>\n<\/div>\n<div class=\"testimonial column \">\n\t<div class=\"testimonial-inner\">\n\t\t\n\t\t<div class=\"testimonial-content\">\n\t\t\t<div class=\"testimonial-rating\">\n\t\t\t\t<span class=\"star-rating\">\n\t\t\t\t\t<span style=\"width:100%\"><\/span>\n\t\t\t\t<\/span>\n\t\t\t<\/div>\n\n\t\t\t\u00ab\u00a0Une excellente exp\u00e9rience d&rsquo;achat ! Les conseillers sont tr\u00e8s \u00e0 l&rsquo;\u00e9coute et m&rsquo;ont conseill\u00e9 sur le meilleur v\u00e9hicule en fonction de mon budget. Je suis tr\u00e8s satisfait de ma voiture d&rsquo;occasion. AUTO PRESTIGE a su gagner ma confiance.\u00a0\u00bb\n\t\t\t<footer>\n\t\t\t\tDavid R\n\t\t\t\t\t\t\t\t\t<span>\n\t\t\t\t\t\tM\u00e9canicien\t\t\t\t\t<\/span>\n\t\t\t\t\t\t\t<\/footer>\n\t\t<\/div>\n\t<\/div>\n<\/div>\n<div class=\"testimonial column \">\n\t<div class=\"testimonial-inner\">\n\t\t\n\t\t<div class=\"testimonial-content\">\n\t\t\t<div class=\"testimonial-rating\">\n\t\t\t\t<span class=\"star-rating\">\n\t\t\t\t\t<span style=\"width:100%\"><\/span>\n\t\t\t\t<\/span>\n\t\t\t<\/div>\n\n\t\t\t\u00ab\u00a0J&rsquo;ai achet\u00e9 un tracteur chez AUTO PRESTIGE pour mon exploitation agricole. L\u2019\u00e9quipe a \u00e9t\u00e9 tr\u00e8s professionnelle et m&rsquo;a expliqu\u00e9 en d\u00e9tail toutes les fonctionnalit\u00e9s du v\u00e9hicule. Je suis tr\u00e8s satisfaite, m\u00eame si j\u2019aurais aim\u00e9 plus d&rsquo;options \u00e0 choisir.\u00a0\u00bb\n\t\t\t<footer>\n\t\t\t\tClara R\n\t\t\t\t\t\t\t\t\t<span>\n\t\t\t\t\t\tPrefesseur\t\t\t\t\t<\/span>\n\t\t\t\t\t\t\t<\/footer>\n\t\t<\/div>\n\t<\/div>\n<\/div>\n<div class=\"testimonial column \">\n\t<div class=\"testimonial-inner\">\n\t\t\n\t\t<div class=\"testimonial-content\">\n\t\t\t<div class=\"testimonial-rating\">\n\t\t\t\t<span class=\"star-rating\">\n\t\t\t\t\t<span style=\"width:100%\"><\/span>\n\t\t\t\t<\/span>\n\t\t\t<\/div>\n\n\t\t\t\u00ab\u00a0Une exp\u00e9rience sans stress ! De la visite \u00e0 l&rsquo;achat, tout a \u00e9t\u00e9 fluide. J&rsquo;ai particuli\u00e8rement appr\u00e9ci\u00e9 le service apr\u00e8s-vente. AUTO PRESTIGE est un endroit o\u00f9 je retournerai sans h\u00e9siter pour mes futurs achats.\u00a0\u00bb\n\t\t\t<footer>\n\t\t\t\tThomas B\n\t\t\t\t\t\t\t\t\t<span>\n\t\t\t\t\t\tenseignant\t\t\t\t\t<\/span>\n\t\t\t\t\t\t\t<\/footer>\n\t\t<\/div>\n\t<\/div>\n<\/div>\n<div class=\"testimonial column \">\n\t<div class=\"testimonial-inner\">\n\t\t\n\t\t<div class=\"testimonial-content\">\n\t\t\t<div class=\"testimonial-rating\">\n\t\t\t\t<span class=\"star-rating\">\n\t\t\t\t\t<span style=\"width:100%\"><\/span>\n\t\t\t\t<\/span>\n\t\t\t<\/div>\n\n\t\t\t\u00ab\u00a0J&rsquo;ai achet\u00e9 ma voiture chez AUTO PRESTIGE et je n&rsquo;aurais pas pu \u00eatre plus heureux. Le processus \u00e9tait simple et rapide. L&rsquo;\u00e9quipe est tr\u00e8s sympathique et m&rsquo;a bien conseill\u00e9. Je recommande fortement cette entreprise \u00e0 tous ceux qui cherchent un v\u00e9hicule d&rsquo;occasion de qualit\u00e9 !\u00a0\u00bb\n\t\t\t<footer>\n\t\t\t\tMarc D\n\t\t\t\t\t\t\t\t\t<span>\n\t\t\t\t\t\tM\u00e9canicien\t\t\t\t\t<\/span>\n\t\t\t\t\t\t\t<\/footer>\n\t\t<\/div>\n\t<\/div>\n<\/div>\n<div class=\"testimonial column \">\n\t<div class=\"testimonial-inner\">\n\t\t\n\t\t<div class=\"testimonial-content\">\n\t\t\t<div class=\"testimonial-rating\">\n\t\t\t\t<span class=\"star-rating\">\n\t\t\t\t\t<span style=\"width:100%\"><\/span>\n\t\t\t\t<\/span>\n\t\t\t<\/div>\n\n\t\t\t\u00ab\u00a0Tr\u00e8s satisfaite de mon exp\u00e9rience chez AUTO PRESTIGE. J&rsquo;ai trouv\u00e9 une belle voiture \u00e0 un prix raisonnable. Le seul petit hic, c&rsquo;\u00e9tait le d\u00e9lai d&rsquo;attente pour la livraison, mais cela valait le coup ! Le v\u00e9hicule est parfait pour mes besoins.\u00a0\u00bb\n\t\t\t<footer>\n\t\t\t\tElodie P\n\t\t\t\t\t\t\t<\/footer>\n\t\t<\/div>\n\t<\/div>\n<\/div>\n<div class=\"testimonial column \">\n\t<div class=\"testimonial-inner\">\n\t\t\n\t\t<div class=\"testimonial-content\">\n\t\t\t<div class=\"testimonial-rating\">\n\t\t\t\t<span class=\"star-rating\">\n\t\t\t\t\t<span style=\"width:100%\"><\/span>\n\t\t\t\t<\/span>\n\t\t\t<\/div>\n\n\t\t\t\u00ab\u00a0Auto Prestige m&rsquo;a surpris par la qualit\u00e9 de ses v\u00e9hicules. J&rsquo;ai achet\u00e9 un camion qui \u00e9tait en excellent \u00e9tat, et l&rsquo;\u00e9quipe a \u00e9t\u00e9 tr\u00e8s r\u00e9active \u00e0 mes demandes. Je n&rsquo;h\u00e9siterai pas \u00e0 revenir pour mon prochain achat.\u00a0\u00bb\n\t\t\t<footer>\n\t\t\t\tLucas G\n\t\t\t\t\t\t\t\t\t<span>\n\t\t\t\t\t\tGaragiste\t\t\t\t\t<\/span>\n\t\t\t\t\t\t\t<\/footer>\n\t\t<\/div>\n\t<\/div>\n<\/div>\t\t\t\t<\/div>\n\t\t\t<\/div>\n\t\t[\/vc_column][\/vc_row]<\/p>\n<\/div>","protected":false},"excerpt":{"rendered":"<p>[vc_section full_width=\u00a0\u00bbstretch_row\u00a0\u00bb woodmart_disable_overflow=\u00a0\u00bb1&Prime; css=\u00a0\u00bb.vc_custom_1747964915578{background-image: url(https:\/\/myautoprestige.fr\/wp-content\/uploads\/2025\/05\/website.s_cover_default_image.jpg?id=7030) !important;background-position: center !important;background-repeat: no-repeat !important;background-size: cover !important;}\u00a0\u00bb woodmart_css_id=\u00a0\u00bb682fd376ef66e\u00a0\u00bb responsive_spacing=\u00a0\u00bbeyJwYXJhbV90eXBlIjoid29vZG1hcnRfcmVzcG9uc2l2ZV9zcGFjaW5nIiwic2VsZWN0b3JfaWQiOiI2ODJmZDM3NmVmNjZlIiwic2hvcnRjb2RlIjoidmNfc2VjdGlvbiIsImRhdGEiOnsidGFibGV0Ijp7fSwibW9iaWxlIjp7fX19&Prime; mobile_bg_img_hidden=\u00a0\u00bbno\u00a0\u00bb tablet_bg_img_hidden=\u00a0\u00bbno\u00a0\u00bb woodmart_parallax=\u00a0\u00bb0&Prime; woodmart_gradient_switch=\u00a0\u00bbno\u00a0\u00bb woodmart_box_shadow=\u00a0\u00bbno\u00a0\u00bb wd_z_index=\u00a0\u00bbno\u00a0\u00bb][vc_row<\/p>\n","protected":false},"author":1,"featured_media":0,"parent":0,"menu_order":0,"comment_status":"closed","ping_status":"closed","template":"","meta":{"footnotes":""},"class_list":["post-1602","page","type-page","status-publish","hentry"],"yoast_head":"<!-- This site is optimized with the Yoast SEO plugin v25.1 - https:\/\/yoast.com\/wordpress\/plugins\/seo\/ -->\n<title>Home Cars - Top Of The World<\/title>\n<meta name=\"robots\" content=\"index, follow, max-snippet:-1, max-image-preview:large, max-video-preview:-1\" \/>\n<link rel=\"canonical\" href=\"https:\/\/myautoprestige.fr\/\" \/>\n<meta property=\"og:locale\" content=\"fr_FR\" \/>\n<meta property=\"og:type\" content=\"article\" \/>\n<meta property=\"og:title\" content=\"Home Cars - Top Of The World\" \/>\n<meta property=\"og:description\" content=\"[vc_section full_width=\u00a0\u00bbstretch_row\u00a0\u00bb woodmart_disable_overflow=\u00a0\u00bb1&Prime; css=\u00a0\u00bb.vc_custom_1747964915578{background-image: url(https:\/\/myautoprestige.fr\/wp-content\/uploads\/2025\/05\/website.s_cover_default_image.jpg?id=7030) !important;background-position: center !important;background-repeat: no-repeat !important;background-size: cover !important;}\u00a0\u00bb woodmart_css_id=\u00a0\u00bb682fd376ef66e\u00a0\u00bb responsive_spacing=\u00a0\u00bbeyJwYXJhbV90eXBlIjoid29vZG1hcnRfcmVzcG9uc2l2ZV9zcGFjaW5nIiwic2VsZWN0b3JfaWQiOiI2ODJmZDM3NmVmNjZlIiwic2hvcnRjb2RlIjoidmNfc2VjdGlvbiIsImRhdGEiOnsidGFibGV0Ijp7fSwibW9iaWxlIjp7fX19&Prime; mobile_bg_img_hidden=\u00a0\u00bbno\u00a0\u00bb tablet_bg_img_hidden=\u00a0\u00bbno\u00a0\u00bb woodmart_parallax=\u00a0\u00bb0&Prime; woodmart_gradient_switch=\u00a0\u00bbno\u00a0\u00bb woodmart_box_shadow=\u00a0\u00bbno\u00a0\u00bb wd_z_index=\u00a0\u00bbno\u00a0\u00bb][vc_row\" \/>\n<meta property=\"og:url\" content=\"https:\/\/myautoprestige.fr\/\" \/>\n<meta property=\"og:site_name\" content=\"Top Of The World\" \/>\n<meta property=\"article:modified_time\" content=\"2025-05-31T11:58:47+00:00\" \/>\n<meta name=\"twitter:card\" content=\"summary_large_image\" \/>\n<meta name=\"twitter:label1\" content=\"Dur\u00e9e de lecture estim\u00e9e\" \/>\n\t<meta name=\"twitter:data1\" content=\"9 minutes\" \/>\n<script type=\"application\/ld+json\" class=\"yoast-schema-graph\">{\"@context\":\"https:\/\/schema.org\",\"@graph\":[{\"@type\":\"WebPage\",\"@id\":\"https:\/\/myautoprestige.fr\/\",\"url\":\"https:\/\/myautoprestige.fr\/\",\"name\":\"Home Cars - Top Of The World\",\"isPartOf\":{\"@id\":\"https:\/\/myautoprestige.fr\/#website\"},\"datePublished\":\"2021-08-02T09:31:45+00:00\",\"dateModified\":\"2025-05-31T11:58:47+00:00\",\"breadcrumb\":{\"@id\":\"https:\/\/myautoprestige.fr\/#breadcrumb\"},\"inLanguage\":\"fr-FR\",\"potentialAction\":[{\"@type\":\"ReadAction\",\"target\":[\"https:\/\/myautoprestige.fr\/\"]}]},{\"@type\":\"BreadcrumbList\",\"@id\":\"https:\/\/myautoprestige.fr\/#breadcrumb\",\"itemListElement\":[{\"@type\":\"ListItem\",\"position\":1,\"name\":\"Accueil\",\"item\":\"https:\/\/myautoprestige.fr\/\"},{\"@type\":\"ListItem\",\"position\":2,\"name\":\"Home Cars\"}]},{\"@type\":\"WebSite\",\"@id\":\"https:\/\/myautoprestige.fr\/#website\",\"url\":\"https:\/\/myautoprestige.fr\/\",\"name\":\"Top Of The World\",\"description\":\"\",\"potentialAction\":[{\"@type\":\"SearchAction\",\"target\":{\"@type\":\"EntryPoint\",\"urlTemplate\":\"https:\/\/myautoprestige.fr\/?s={search_term_string}\"},\"query-input\":{\"@type\":\"PropertyValueSpecification\",\"valueRequired\":true,\"valueName\":\"search_term_string\"}}],\"inLanguage\":\"fr-FR\"}]}<\/script>\n<!-- \/ Yoast SEO plugin. -->","yoast_head_json":{"title":"Home Cars - Top Of The World","robots":{"index":"index","follow":"follow","max-snippet":"max-snippet:-1","max-image-preview":"max-image-preview:large","max-video-preview":"max-video-preview:-1"},"canonical":"https:\/\/myautoprestige.fr\/","og_locale":"fr_FR","og_type":"article","og_title":"Home Cars - Top Of The World","og_description":"[vc_section full_width=\u00a0\u00bbstretch_row\u00a0\u00bb woodmart_disable_overflow=\u00a0\u00bb1&Prime; css=\u00a0\u00bb.vc_custom_1747964915578{background-image: url(https:\/\/myautoprestige.fr\/wp-content\/uploads\/2025\/05\/website.s_cover_default_image.jpg?id=7030) !important;background-position: center !important;background-repeat: no-repeat !important;background-size: cover !important;}\u00a0\u00bb woodmart_css_id=\u00a0\u00bb682fd376ef66e\u00a0\u00bb responsive_spacing=\u00a0\u00bbeyJwYXJhbV90eXBlIjoid29vZG1hcnRfcmVzcG9uc2l2ZV9zcGFjaW5nIiwic2VsZWN0b3JfaWQiOiI2ODJmZDM3NmVmNjZlIiwic2hvcnRjb2RlIjoidmNfc2VjdGlvbiIsImRhdGEiOnsidGFibGV0Ijp7fSwibW9iaWxlIjp7fX19&Prime; mobile_bg_img_hidden=\u00a0\u00bbno\u00a0\u00bb tablet_bg_img_hidden=\u00a0\u00bbno\u00a0\u00bb woodmart_parallax=\u00a0\u00bb0&Prime; woodmart_gradient_switch=\u00a0\u00bbno\u00a0\u00bb woodmart_box_shadow=\u00a0\u00bbno\u00a0\u00bb wd_z_index=\u00a0\u00bbno\u00a0\u00bb][vc_row","og_url":"https:\/\/myautoprestige.fr\/","og_site_name":"Top Of The World","article_modified_time":"2025-05-31T11:58:47+00:00","twitter_card":"summary_large_image","twitter_misc":{"Dur\u00e9e de lecture estim\u00e9e":"9 minutes"},"schema":{"@context":"https:\/\/schema.org","@graph":[{"@type":"WebPage","@id":"https:\/\/myautoprestige.fr\/","url":"https:\/\/myautoprestige.fr\/","name":"Home Cars - Top Of The World","isPartOf":{"@id":"https:\/\/myautoprestige.fr\/#website"},"datePublished":"2021-08-02T09:31:45+00:00","dateModified":"2025-05-31T11:58:47+00:00","breadcrumb":{"@id":"https:\/\/myautoprestige.fr\/#breadcrumb"},"inLanguage":"fr-FR","potentialAction":[{"@type":"ReadAction","target":["https:\/\/myautoprestige.fr\/"]}]},{"@type":"BreadcrumbList","@id":"https:\/\/myautoprestige.fr\/#breadcrumb","itemListElement":[{"@type":"ListItem","position":1,"name":"Accueil","item":"https:\/\/myautoprestige.fr\/"},{"@type":"ListItem","position":2,"name":"Home Cars"}]},{"@type":"WebSite","@id":"https:\/\/myautoprestige.fr\/#website","url":"https:\/\/myautoprestige.fr\/","name":"Top Of The World","description":"","potentialAction":[{"@type":"SearchAction","target":{"@type":"EntryPoint","urlTemplate":"https:\/\/myautoprestige.fr\/?s={search_term_string}"},"query-input":{"@type":"PropertyValueSpecification","valueRequired":true,"valueName":"search_term_string"}}],"inLanguage":"fr-FR"}]}},"_links":{"self":[{"href":"https:\/\/myautoprestige.fr\/index.php\/wp-json\/wp\/v2\/pages\/1602","targetHints":{"allow":["GET"]}}],"collection":[{"href":"https:\/\/myautoprestige.fr\/index.php\/wp-json\/wp\/v2\/pages"}],"about":[{"href":"https:\/\/myautoprestige.fr\/index.php\/wp-json\/wp\/v2\/types\/page"}],"author":[{"embeddable":true,"href":"https:\/\/myautoprestige.fr\/index.php\/wp-json\/wp\/v2\/users\/1"}],"replies":[{"embeddable":true,"href":"https:\/\/myautoprestige.fr\/index.php\/wp-json\/wp\/v2\/comments?post=1602"}],"version-history":[{"count":89,"href":"https:\/\/myautoprestige.fr\/index.php\/wp-json\/wp\/v2\/pages\/1602\/revisions"}],"predecessor-version":[{"id":7387,"href":"https:\/\/myautoprestige.fr\/index.php\/wp-json\/wp\/v2\/pages\/1602\/revisions\/7387"}],"wp:attachment":[{"href":"https:\/\/myautoprestige.fr\/index.php\/wp-json\/wp\/v2\/media?parent=1602"}],"curies":[{"name":"wp","href":"https:\/\/api.w.org\/{rel}","templated":true}]}}